{"id":4025,"date":"2022-08-22T14:09:16","date_gmt":"2022-08-22T12:09:16","guid":{"rendered":"https:\/\/artesania.conselldeivissa.es\/?post_type=tribe_events&#038;eventDate=2022-10-19#038;p=3952"},"modified":"2022-08-22T14:09:16","modified_gmt":"2022-08-22T12:09:16","slug":"mercado-hippy-de-benirras-2022-10-19","status":"publish","type":"tribe_events","link":"https:\/\/artesania.conselldeivissa.es\/es\/agenda\/mercado-hippy-de-benirras\/2022-10-19\/","title":{"rendered":"Mercado hippy de Benirr\u00e1s"},"content":{"rendered":"<p>La playa de Benirr\u00e0s es conocida en el mundo entero por sus m\u00e1gicas puestas de sol al ritmo de los tambores hippies. La libertad y el esp\u00edritu libre confieren al lugar un encanto especial que se acent\u00faa en la hora del ocaso. Visitar Benirr\u00e0s es disfrutar de una experiencia \u00fanica que se enriquece con un mercadillo de lo m\u00e1s interesante para regalar o ser regalado con manualidades, obras de arte y otras agradables sorpresas. Se celebra junto a la playa, de junio a finales de octubre, de 12 a 22 h.<\/p>\n","protected":false},"excerpt":{"rendered":"<p>La playa de Benirr\u00e0s es conocida en el mundo entero por sus m\u00e1gicas puestas de sol al ritmo de los tambores hippies. La libertad y el esp\u00edritu libre confieren al [&hellip;]<\/p>\n","protected":false},"author":1,"featured_media":3963,"comment_status":"open","ping_status":"closed","template":"","meta":{"_tribe_events_status":"","_tribe_events_status_reason":"","footnotes":""},"tags":[],"tribe_events_cat":[84],"class_list":["post-4025","tribe_events","type-tribe_events","status-publish","has-post-thumbnail","hentry","tribe_events_cat-mercados-hippies","cat_mercados-hippies","tribe-recurring-event","tribe-recurring-event-child"],"acf":[],"yoast_head":"<!-- This site is optimized with the Yoast SEO plugin v19.6 - https:\/\/yoast.com\/wordpress\/plugins\/seo\/ -->\n<title>Mercado hippy de Benirr\u00e1s - Artesania d&#039;Eivissa<\/title>\n<meta name=\"robots\" content=\"index, follow, max-snippet:-1, max-image-preview:large, max-video-preview:-1\" \/>\n<link rel=\"canonical\" href=\"https:\/\/artesania.conselldeivissa.es\/es\/agenda\/mercado-hippy-de-benirras\/2022-10-19\/\" \/>\n<meta property=\"og:locale\" content=\"es_ES\" \/>\n<meta property=\"og:type\" content=\"article\" \/>\n<meta property=\"og:title\" content=\"Mercado hippy de Benirr\u00e1s - Artesania d&#039;Eivissa\" \/>\n<meta property=\"og:description\" content=\"La playa de Benirr\u00e0s es conocida en el mundo entero por sus m\u00e1gicas puestas de sol al ritmo de los tambores hippies. La libertad y el esp\u00edritu libre confieren al [&hellip;]\" \/>\n<meta property=\"og:url\" content=\"https:\/\/artesania.conselldeivissa.es\/es\/agenda\/mercado-hippy-de-benirras\/2022-10-19\/\" \/>\n<meta property=\"og:site_name\" content=\"Artesania d&#039;Eivissa\" \/>\n<meta property=\"og:image\" content=\"https:\/\/artesania.conselldeivissa.es\/wp-content\/uploads\/2022\/08\/mercadilllo_benirras.jpg\" \/>\n\t<meta property=\"og:image:width\" content=\"1000\" \/>\n\t<meta property=\"og:image:height\" content=\"641\" \/>\n\t<meta property=\"og:image:type\" content=\"image\/jpeg\" \/>\n<meta name=\"twitter:card\" content=\"summary_large_image\" \/>\n<script type=\"application\/ld+json\" class=\"yoast-schema-graph\">{\"@context\":\"https:\/\/schema.org\",\"@graph\":[{\"@type\":\"WebPage\",\"@id\":\"https:\/\/artesania.conselldeivissa.es\/es\/agenda\/mercado-hippy-de-benirras\/2022-10-19\/\",\"url\":\"https:\/\/artesania.conselldeivissa.es\/es\/agenda\/mercado-hippy-de-benirras\/2022-10-19\/\",\"name\":\"Mercado hippy de Benirr\u00e1s - Artesania d&#039;Eivissa\",\"isPartOf\":{\"@id\":\"https:\/\/artesania.conselldeivissa.es\/#website\"},\"datePublished\":\"2022-08-22T12:09:16+00:00\",\"dateModified\":\"2022-08-22T12:09:16+00:00\",\"breadcrumb\":{\"@id\":\"https:\/\/artesania.conselldeivissa.es\/es\/agenda\/mercado-hippy-de-benirras\/2022-10-19\/#breadcrumb\"},\"inLanguage\":\"es\",\"potentialAction\":[{\"@type\":\"ReadAction\",\"target\":[\"https:\/\/artesania.conselldeivissa.es\/es\/agenda\/mercado-hippy-de-benirras\/2022-10-19\/\"]}]},{\"@type\":\"BreadcrumbList\",\"@id\":\"https:\/\/artesania.conselldeivissa.es\/es\/agenda\/mercado-hippy-de-benirras\/2022-10-19\/#breadcrumb\",\"itemListElement\":[{\"@type\":\"ListItem\",\"position\":1,\"name\":\"Portada\",\"item\":\"https:\/\/artesania.conselldeivissa.es\/es\/\"},{\"@type\":\"ListItem\",\"position\":2,\"name\":\"Esdeveniments\",\"item\":\"https:\/\/artesania.conselldeivissa.es\/ca\/agenda\/\"},{\"@type\":\"ListItem\",\"position\":3,\"name\":\"Mercado hippy de Benirr\u00e1s\",\"item\":\"https:\/\/artesania.conselldeivissa.es\/agenda\/mercado-hippy-de-benirras\/2022-08-22\/\"},{\"@type\":\"ListItem\",\"position\":4,\"name\":\"Mercado hippy de Benirr\u00e1s\"}]},{\"@type\":\"WebSite\",\"@id\":\"https:\/\/artesania.conselldeivissa.es\/#website\",\"url\":\"https:\/\/artesania.conselldeivissa.es\/\",\"name\":\"Artesania d&#039;Eivissa\",\"description\":\"Artesanes i artesans d&#039;Eivisssa\",\"publisher\":{\"@id\":\"https:\/\/artesania.conselldeivissa.es\/#organization\"},\"potentialAction\":[{\"@type\":\"SearchAction\",\"target\":{\"@type\":\"EntryPoint\",\"urlTemplate\":\"https:\/\/artesania.conselldeivissa.es\/?s={search_term_string}\"},\"query-input\":\"required name=search_term_string\"}],\"inLanguage\":\"es\"},{\"@type\":\"Organization\",\"@id\":\"https:\/\/artesania.conselldeivissa.es\/#organization\",\"name\":\"Artesania d&#039;Eivissa\",\"url\":\"https:\/\/artesania.conselldeivissa.es\/\",\"sameAs\":[],\"logo\":{\"@type\":\"ImageObject\",\"inLanguage\":\"es\",\"@id\":\"https:\/\/artesania.conselldeivissa.es\/#\/schema\/logo\/image\/\",\"url\":\"https:\/\/artesania.conselldeivissa.es\/wp-content\/uploads\/2022\/08\/artesansnegro.png\",\"contentUrl\":\"https:\/\/artesania.conselldeivissa.es\/wp-content\/uploads\/2022\/08\/artesansnegro.png\",\"width\":400,\"height\":97,\"caption\":\"Artesania d&#039;Eivissa\"},\"image\":{\"@id\":\"https:\/\/artesania.conselldeivissa.es\/#\/schema\/logo\/image\/\"}}]}<\/script>\n<!-- \/ Yoast SEO plugin. -->","yoast_head_json":{"title":"Mercado hippy de Benirr\u00e1s - Artesania d&#039;Eivissa","robots":{"index":"index","follow":"follow","max-snippet":"max-snippet:-1","max-image-preview":"max-image-preview:large","max-video-preview":"max-video-preview:-1"},"canonical":"https:\/\/artesania.conselldeivissa.es\/es\/agenda\/mercado-hippy-de-benirras\/2022-10-19\/","og_locale":"es_ES","og_type":"article","og_title":"Mercado hippy de Benirr\u00e1s - Artesania d&#039;Eivissa","og_description":"La playa de Benirr\u00e0s es conocida en el mundo entero por sus m\u00e1gicas puestas de sol al ritmo de los tambores hippies. La libertad y el esp\u00edritu libre confieren al [&hellip;]","og_url":"https:\/\/artesania.conselldeivissa.es\/es\/agenda\/mercado-hippy-de-benirras\/2022-10-19\/","og_site_name":"Artesania d&#039;Eivissa","og_image":[{"width":1000,"height":641,"url":"https:\/\/artesania.conselldeivissa.es\/wp-content\/uploads\/2022\/08\/mercadilllo_benirras.jpg","type":"image\/jpeg"}],"twitter_card":"summary_large_image","schema":{"@context":"https:\/\/schema.org","@graph":[{"@type":"WebPage","@id":"https:\/\/artesania.conselldeivissa.es\/es\/agenda\/mercado-hippy-de-benirras\/2022-10-19\/","url":"https:\/\/artesania.conselldeivissa.es\/es\/agenda\/mercado-hippy-de-benirras\/2022-10-19\/","name":"Mercado hippy de Benirr\u00e1s - Artesania d&#039;Eivissa","isPartOf":{"@id":"https:\/\/artesania.conselldeivissa.es\/#website"},"datePublished":"2022-08-22T12:09:16+00:00","dateModified":"2022-08-22T12:09:16+00:00","breadcrumb":{"@id":"https:\/\/artesania.conselldeivissa.es\/es\/agenda\/mercado-hippy-de-benirras\/2022-10-19\/#breadcrumb"},"inLanguage":"es","potentialAction":[{"@type":"ReadAction","target":["https:\/\/artesania.conselldeivissa.es\/es\/agenda\/mercado-hippy-de-benirras\/2022-10-19\/"]}]},{"@type":"BreadcrumbList","@id":"https:\/\/artesania.conselldeivissa.es\/es\/agenda\/mercado-hippy-de-benirras\/2022-10-19\/#breadcrumb","itemListElement":[{"@type":"ListItem","position":1,"name":"Portada","item":"https:\/\/artesania.conselldeivissa.es\/es\/"},{"@type":"ListItem","position":2,"name":"Esdeveniments","item":"https:\/\/artesania.conselldeivissa.es\/ca\/agenda\/"},{"@type":"ListItem","position":3,"name":"Mercado hippy de Benirr\u00e1s","item":"https:\/\/artesania.conselldeivissa.es\/agenda\/mercado-hippy-de-benirras\/2022-08-22\/"},{"@type":"ListItem","position":4,"name":"Mercado hippy de Benirr\u00e1s"}]},{"@type":"WebSite","@id":"https:\/\/artesania.conselldeivissa.es\/#website","url":"https:\/\/artesania.conselldeivissa.es\/","name":"Artesania d&#039;Eivissa","description":"Artesanes i artesans d&#039;Eivisssa","publisher":{"@id":"https:\/\/artesania.conselldeivissa.es\/#organization"},"potentialAction":[{"@type":"SearchAction","target":{"@type":"EntryPoint","urlTemplate":"https:\/\/artesania.conselldeivissa.es\/?s={search_term_string}"},"query-input":"required name=search_term_string"}],"inLanguage":"es"},{"@type":"Organization","@id":"https:\/\/artesania.conselldeivissa.es\/#organization","name":"Artesania d&#039;Eivissa","url":"https:\/\/artesania.conselldeivissa.es\/","sameAs":[],"logo":{"@type":"ImageObject","inLanguage":"es","@id":"https:\/\/artesania.conselldeivissa.es\/#\/schema\/logo\/image\/","url":"https:\/\/artesania.conselldeivissa.es\/wp-content\/uploads\/2022\/08\/artesansnegro.png","contentUrl":"https:\/\/artesania.conselldeivissa.es\/wp-content\/uploads\/2022\/08\/artesansnegro.png","width":400,"height":97,"caption":"Artesania d&#039;Eivissa"},"image":{"@id":"https:\/\/artesania.conselldeivissa.es\/#\/schema\/logo\/image\/"}}]}},"_links":{"self":[{"href":"https:\/\/artesania.conselldeivissa.es\/es\/wp-json\/wp\/v2\/tribe_events\/4025","targetHints":{"allow":["GET"]}}],"collection":[{"href":"https:\/\/artesania.conselldeivissa.es\/es\/wp-json\/wp\/v2\/tribe_events"}],"about":[{"href":"https:\/\/artesania.conselldeivissa.es\/es\/wp-json\/wp\/v2\/types\/tribe_events"}],"author":[{"embeddable":true,"href":"https:\/\/artesania.conselldeivissa.es\/es\/wp-json\/wp\/v2\/users\/1"}],"replies":[{"embeddable":true,"href":"https:\/\/artesania.conselldeivissa.es\/es\/wp-json\/wp\/v2\/comments?post=4025"}],"version-history":[{"count":0,"href":"https:\/\/artesania.conselldeivissa.es\/es\/wp-json\/wp\/v2\/tribe_events\/4025\/revisions"}],"wp:featuredmedia":[{"embeddable":true,"href":"https:\/\/artesania.conselldeivissa.es\/es\/wp-json\/wp\/v2\/media\/3963"}],"wp:attachment":[{"href":"https:\/\/artesania.conselldeivissa.es\/es\/wp-json\/wp\/v2\/media?parent=4025"}],"wp:term":[{"taxonomy":"post_tag","embeddable":true,"href":"https:\/\/artesania.conselldeivissa.es\/es\/wp-json\/wp\/v2\/tags?post=4025"},{"taxonomy":"tribe_events_cat","embeddable":true,"href":"https:\/\/artesania.conselldeivissa.es\/es\/wp-json\/wp\/v2\/tribe_events_cat?post=4025"}],"curies":[{"name":"wp","href":"https:\/\/api.w.org\/{rel}","templated":true}]}}