{"id":1223,"date":"2022-07-27T14:41:53","date_gmt":"2022-07-27T12:41:53","guid":{"rendered":"https:\/\/artesania.conselldeivissa.es\/?post_type=tribe_events&#038;p=1223"},"modified":"2022-08-25T11:56:02","modified_gmt":"2022-08-25T09:56:02","slug":"mercado-hippy-de-las-dalias","status":"publish","type":"tribe_events","link":"https:\/\/artesania.conselldeivissa.es\/es\/agenda\/mercado-hippy-de-las-dalias\/2022-07-27\/","title":{"rendered":"Mercado hippy de Las Dalias"},"content":{"rendered":"<p>El 4 de noviembre de 1954, festividad de San Carlos, Las Dalias abri\u00f3 sus puertas. Lo que comenz\u00f3 siendo un bar de carretera con pista de baile, se ha convertido en la actualidad en una aut\u00e9ntica leyenda de Ibiza, un s\u00edmbolo cuya historia es parte sustancial de la propia historia y la cultura de la isla en estas \u00faltimas seis d\u00e9cadas.<br \/>\nLas Dalias de Ibiza es un fascinante oasis de color, paz, m\u00fasica y sue\u00f1os.<\/p>\n","protected":false},"excerpt":{"rendered":"<p>El 4 de noviembre de 1954, festividad de San Carlos, Las Dalias abri\u00f3 sus puertas. Lo que comenz\u00f3 siendo un bar de carretera con pista de baile, se ha convertido [&hellip;]<\/p>\n","protected":false},"author":1,"featured_media":1224,"comment_status":"open","ping_status":"closed","template":"","meta":{"_tribe_events_status":"","_tribe_events_status_reason":"","footnotes":""},"tags":[],"tribe_events_cat":[84],"class_list":["post-1223","tribe_events","type-tribe_events","status-publish","has-post-thumbnail","hentry","tribe_events_cat-mercados-hippies","cat_mercados-hippies","tribe-recurring-event","tribe-recurring-event-parent"],"acf":[],"yoast_head":"<!-- This site is optimized with the Yoast SEO plugin v19.6 - https:\/\/yoast.com\/wordpress\/plugins\/seo\/ -->\n<title>Mercado hippy de Las Dalias - Artesania d&#039;Eivissa<\/title>\n<meta name=\"robots\" content=\"index, follow, max-snippet:-1, max-image-preview:large, max-video-preview:-1\" \/>\n<link rel=\"canonical\" href=\"https:\/\/artesania.conselldeivissa.es\/agenda\/mercado-hippy-de-las-dalias\/2022-07-27\/\" \/>\n<meta property=\"og:locale\" content=\"es_ES\" \/>\n<meta property=\"og:type\" content=\"article\" \/>\n<meta property=\"og:title\" content=\"Mercado hippy de Las Dalias - Artesania d&#039;Eivissa\" \/>\n<meta property=\"og:description\" content=\"El 4 de noviembre de 1954, festividad de San Carlos, Las Dalias abri\u00f3 sus puertas. Lo que comenz\u00f3 siendo un bar de carretera con pista de baile, se ha convertido [&hellip;]\" \/>\n<meta property=\"og:url\" content=\"https:\/\/artesania.conselldeivissa.es\/agenda\/mercado-hippy-de-las-dalias\/2022-07-27\/\" \/>\n<meta property=\"og:site_name\" content=\"Artesania d&#039;Eivissa\" \/>\n<meta property=\"article:modified_time\" content=\"2022-08-25T09:56:02+00:00\" \/>\n<meta property=\"og:image\" content=\"https:\/\/artesania.conselldeivissa.es\/wp-content\/uploads\/2022\/07\/las_dalias_dia.jpg\" \/>\n\t<meta property=\"og:image:width\" content=\"1280\" \/>\n\t<meta property=\"og:image:height\" content=\"854\" \/>\n\t<meta property=\"og:image:type\" content=\"image\/jpeg\" \/>\n<meta name=\"twitter:card\" content=\"summary_large_image\" \/>\n<script type=\"application\/ld+json\" class=\"yoast-schema-graph\">{\"@context\":\"https:\/\/schema.org\",\"@graph\":[{\"@type\":\"WebPage\",\"@id\":\"https:\/\/artesania.conselldeivissa.es\/agenda\/mercado-hippy-de-las-dalias\/2022-07-27\/\",\"url\":\"https:\/\/artesania.conselldeivissa.es\/agenda\/mercado-hippy-de-las-dalias\/2022-07-27\/\",\"name\":\"Mercado hippy de Las Dalias - Artesania d&#039;Eivissa\",\"isPartOf\":{\"@id\":\"https:\/\/artesania.conselldeivissa.es\/#website\"},\"datePublished\":\"2022-07-27T12:41:53+00:00\",\"dateModified\":\"2022-08-25T09:56:02+00:00\",\"breadcrumb\":{\"@id\":\"https:\/\/artesania.conselldeivissa.es\/agenda\/mercado-hippy-de-las-dalias\/2022-07-27\/#breadcrumb\"},\"inLanguage\":\"es\",\"potentialAction\":[{\"@type\":\"ReadAction\",\"target\":[\"https:\/\/artesania.conselldeivissa.es\/agenda\/mercado-hippy-de-las-dalias\/2022-07-27\/\"]}]},{\"@type\":\"BreadcrumbList\",\"@id\":\"https:\/\/artesania.conselldeivissa.es\/agenda\/mercado-hippy-de-las-dalias\/2022-07-27\/#breadcrumb\",\"itemListElement\":[{\"@type\":\"ListItem\",\"position\":1,\"name\":\"Portada\",\"item\":\"https:\/\/artesania.conselldeivissa.es\/es\/\"},{\"@type\":\"ListItem\",\"position\":2,\"name\":\"Esdeveniments\",\"item\":\"https:\/\/artesania.conselldeivissa.es\/ca\/agenda\/\"},{\"@type\":\"ListItem\",\"position\":3,\"name\":\"Mercado hippy de Las Dalias\"}]},{\"@type\":\"WebSite\",\"@id\":\"https:\/\/artesania.conselldeivissa.es\/#website\",\"url\":\"https:\/\/artesania.conselldeivissa.es\/\",\"name\":\"Artesania d&#039;Eivissa\",\"description\":\"Artesanes i artesans d&#039;Eivisssa\",\"publisher\":{\"@id\":\"https:\/\/artesania.conselldeivissa.es\/#organization\"},\"potentialAction\":[{\"@type\":\"SearchAction\",\"target\":{\"@type\":\"EntryPoint\",\"urlTemplate\":\"https:\/\/artesania.conselldeivissa.es\/?s={search_term_string}\"},\"query-input\":\"required name=search_term_string\"}],\"inLanguage\":\"es\"},{\"@type\":\"Organization\",\"@id\":\"https:\/\/artesania.conselldeivissa.es\/#organization\",\"name\":\"Artesania d&#039;Eivissa\",\"url\":\"https:\/\/artesania.conselldeivissa.es\/\",\"sameAs\":[],\"logo\":{\"@type\":\"ImageObject\",\"inLanguage\":\"es\",\"@id\":\"https:\/\/artesania.conselldeivissa.es\/#\/schema\/logo\/image\/\",\"url\":\"https:\/\/artesania.conselldeivissa.es\/wp-content\/uploads\/2022\/08\/artesansnegro.png\",\"contentUrl\":\"https:\/\/artesania.conselldeivissa.es\/wp-content\/uploads\/2022\/08\/artesansnegro.png\",\"width\":400,\"height\":97,\"caption\":\"Artesania d&#039;Eivissa\"},\"image\":{\"@id\":\"https:\/\/artesania.conselldeivissa.es\/#\/schema\/logo\/image\/\"}}]}<\/script>\n<!-- \/ Yoast SEO plugin. -->","yoast_head_json":{"title":"Mercado hippy de Las Dalias - Artesania d&#039;Eivissa","robots":{"index":"index","follow":"follow","max-snippet":"max-snippet:-1","max-image-preview":"max-image-preview:large","max-video-preview":"max-video-preview:-1"},"canonical":"https:\/\/artesania.conselldeivissa.es\/agenda\/mercado-hippy-de-las-dalias\/2022-07-27\/","og_locale":"es_ES","og_type":"article","og_title":"Mercado hippy de Las Dalias - Artesania d&#039;Eivissa","og_description":"El 4 de noviembre de 1954, festividad de San Carlos, Las Dalias abri\u00f3 sus puertas. Lo que comenz\u00f3 siendo un bar de carretera con pista de baile, se ha convertido [&hellip;]","og_url":"https:\/\/artesania.conselldeivissa.es\/agenda\/mercado-hippy-de-las-dalias\/2022-07-27\/","og_site_name":"Artesania d&#039;Eivissa","article_modified_time":"2022-08-25T09:56:02+00:00","og_image":[{"width":1280,"height":854,"url":"https:\/\/artesania.conselldeivissa.es\/wp-content\/uploads\/2022\/07\/las_dalias_dia.jpg","type":"image\/jpeg"}],"twitter_card":"summary_large_image","schema":{"@context":"https:\/\/schema.org","@graph":[{"@type":"WebPage","@id":"https:\/\/artesania.conselldeivissa.es\/agenda\/mercado-hippy-de-las-dalias\/2022-07-27\/","url":"https:\/\/artesania.conselldeivissa.es\/agenda\/mercado-hippy-de-las-dalias\/2022-07-27\/","name":"Mercado hippy de Las Dalias - Artesania d&#039;Eivissa","isPartOf":{"@id":"https:\/\/artesania.conselldeivissa.es\/#website"},"datePublished":"2022-07-27T12:41:53+00:00","dateModified":"2022-08-25T09:56:02+00:00","breadcrumb":{"@id":"https:\/\/artesania.conselldeivissa.es\/agenda\/mercado-hippy-de-las-dalias\/2022-07-27\/#breadcrumb"},"inLanguage":"es","potentialAction":[{"@type":"ReadAction","target":["https:\/\/artesania.conselldeivissa.es\/agenda\/mercado-hippy-de-las-dalias\/2022-07-27\/"]}]},{"@type":"BreadcrumbList","@id":"https:\/\/artesania.conselldeivissa.es\/agenda\/mercado-hippy-de-las-dalias\/2022-07-27\/#breadcrumb","itemListElement":[{"@type":"ListItem","position":1,"name":"Portada","item":"https:\/\/artesania.conselldeivissa.es\/es\/"},{"@type":"ListItem","position":2,"name":"Esdeveniments","item":"https:\/\/artesania.conselldeivissa.es\/ca\/agenda\/"},{"@type":"ListItem","position":3,"name":"Mercado hippy de Las Dalias"}]},{"@type":"WebSite","@id":"https:\/\/artesania.conselldeivissa.es\/#website","url":"https:\/\/artesania.conselldeivissa.es\/","name":"Artesania d&#039;Eivissa","description":"Artesanes i artesans d&#039;Eivisssa","publisher":{"@id":"https:\/\/artesania.conselldeivissa.es\/#organization"},"potentialAction":[{"@type":"SearchAction","target":{"@type":"EntryPoint","urlTemplate":"https:\/\/artesania.conselldeivissa.es\/?s={search_term_string}"},"query-input":"required name=search_term_string"}],"inLanguage":"es"},{"@type":"Organization","@id":"https:\/\/artesania.conselldeivissa.es\/#organization","name":"Artesania d&#039;Eivissa","url":"https:\/\/artesania.conselldeivissa.es\/","sameAs":[],"logo":{"@type":"ImageObject","inLanguage":"es","@id":"https:\/\/artesania.conselldeivissa.es\/#\/schema\/logo\/image\/","url":"https:\/\/artesania.conselldeivissa.es\/wp-content\/uploads\/2022\/08\/artesansnegro.png","contentUrl":"https:\/\/artesania.conselldeivissa.es\/wp-content\/uploads\/2022\/08\/artesansnegro.png","width":400,"height":97,"caption":"Artesania d&#039;Eivissa"},"image":{"@id":"https:\/\/artesania.conselldeivissa.es\/#\/schema\/logo\/image\/"}}]}},"_links":{"self":[{"href":"https:\/\/artesania.conselldeivissa.es\/es\/wp-json\/wp\/v2\/tribe_events\/1223","targetHints":{"allow":["GET"]}}],"collection":[{"href":"https:\/\/artesania.conselldeivissa.es\/es\/wp-json\/wp\/v2\/tribe_events"}],"about":[{"href":"https:\/\/artesania.conselldeivissa.es\/es\/wp-json\/wp\/v2\/types\/tribe_events"}],"author":[{"embeddable":true,"href":"https:\/\/artesania.conselldeivissa.es\/es\/wp-json\/wp\/v2\/users\/1"}],"replies":[{"embeddable":true,"href":"https:\/\/artesania.conselldeivissa.es\/es\/wp-json\/wp\/v2\/comments?post=1223"}],"version-history":[{"count":0,"href":"https:\/\/artesania.conselldeivissa.es\/es\/wp-json\/wp\/v2\/tribe_events\/1223\/revisions"}],"wp:featuredmedia":[{"embeddable":true,"href":"https:\/\/artesania.conselldeivissa.es\/es\/wp-json\/wp\/v2\/media\/1224"}],"wp:attachment":[{"href":"https:\/\/artesania.conselldeivissa.es\/es\/wp-json\/wp\/v2\/media?parent=1223"}],"wp:term":[{"taxonomy":"post_tag","embeddable":true,"href":"https:\/\/artesania.conselldeivissa.es\/es\/wp-json\/wp\/v2\/tags?post=1223"},{"taxonomy":"tribe_events_cat","embeddable":true,"href":"https:\/\/artesania.conselldeivissa.es\/es\/wp-json\/wp\/v2\/tribe_events_cat?post=1223"}],"curies":[{"name":"wp","href":"https:\/\/api.w.org\/{rel}","templated":true}]}}