{"id":2994,"date":"2022-08-22T12:20:58","date_gmt":"2022-08-22T10:20:58","guid":{"rendered":"https:\/\/artesania.conselldeivissa.es\/?page_id=2994"},"modified":"2024-03-13T15:59:08","modified_gmt":"2024-03-13T14:59:08","slug":"asociaciones","status":"publish","type":"page","link":"https:\/\/artesania.conselldeivissa.es\/es\/asociaciones\/","title":{"rendered":"Asociaciones"},"content":{"rendered":"<p>[vc_row full_width=\u00bbstretch_row\u00bb el_id=\u00bbtop_page\u00bb css=\u00bb.vc_custom_1661161358153{background-color: #e8e3d5 !important;}\u00bb][vc_column][vc_custom_heading text=\u00bbAsociaciones de artesanos\u00bb font_container=\u00bbtag:h1|text_align:center\u00bb use_theme_fonts=\u00bbyes\u00bb][\/vc_column][\/vc_row][vc_row][vc_column][vc_column_text]<\/p>\n<h2>Asociaciones profesionales<\/h2>\n<p>[\/vc_column_text][vc_row_inner equal_height=\u00bbyes\u00bb el_class=\u00bbbasociaciones\u00bb][vc_column_inner width=\u00bb1\/3&#8243;][vc_custom_heading text=\u00bbAsociaci\u00f3n de Artesanos de la Peque\u00f1a y Mediana Empresa de Ibiza y Formentera (PIMEEF)\u00bb font_container=\u00bbtag:h3|text_align:left\u00bb use_theme_fonts=\u00bbyes\u00bb][vc_column_text]La Asociaci\u00f3n de Artesanos de la Peque\u00f1a y Mediana Empresa de Ibiza y Formentera (PIMEEF) se cre\u00f3 en 1980 con los objetivos de defender la artesan\u00eda pitiusa, promocionar la elaboraci\u00f3n de productos tradicionales locales y dignificar la producci\u00f3n de los artesanos creativos en sus diversos sectores.[\/vc_column_text][vc_raw_html]JTNDYSUyMGhyZWYlM0QlMjJtYWlsdG8lM0FpbmZvJTQwcGltZWVmLmNvbSUyMiUyMHRhcmdldCUzRCUyMl9ibGFuayUyMiUyMGNsYXNzJTNEJTIyaWNvbmVudmVsb3BlJTIyJTNFaW5mbyU0MHBpbWVlZi5jb20lM0MlMkZhJTNFJTBBJTNDYSUyMGhyZWYlM0QlMjJ0ZWwlM0ElMkIzNDk3MTMwMjkxMSUyMiUyMHRhcmdldCUzRCUyMl9ibGFuayUyMiUyMGNsYXNzJTNEJTIyaWNvbnBob25lJTIyJTNFOTcxMzAyOTExJTNDJTJGYSUzRSUwQSUzQ2ElMjBocmVmJTNEJTIyaHR0cHMlM0ElMkYlMkZ3d3cucGltZWVmLmNvbSUyRmFzb2NpYWNpb25lc3MlMkYxMTgtZGVzY3JpcGNpb24tYXNvYyUyRjM1Mi1hcnRlc2Fub3MlMjIlMjB0YXJnZXQlM0QlMjJfYmxhbmslMjIlMjBjbGFzcyUzRCUyMmljb253ZWIlMjIlM0V3d3cucGltZWVmLmNvbSUyRmFzb2NpYWNpb25lc3MlM0MlMkZhJTNFJTBBJTNDYSUyMGhyZWYlM0QlMjJodHRwcyUzQSUyRiUyRnd3dy5pbnN0YWdyYW0uY29tJTJGYXJ0ZXNhbm9zLmliaXphJTJGJTIyJTIwdGFyZ2V0JTNEJTIyX2JsYW5rJTIyJTIwY2xhc3MlM0QlMjJyZWRlc2Fzb2MlMjIlM0UlM0NzcGFuJTIwY2xhc3MlM0QlMjJmYWIlMjBmYS1pbnN0YWdyYW0lMjIlM0UlM0MlMkZzcGFuJTNFYXJ0ZXNhbm9zLmliaXphJTNDJTJGYSUzRQ==[\/vc_raw_html][\/vc_column_inner][vc_column_inner width=\u00bb1\/3&#8243;][vc_custom_heading text=\u00bbAsociaci\u00f3n de Artesanos y Productores Locales de Eivissa (AAPLE)\u00bb font_container=\u00bbtag:h3|text_align:left\u00bb use_theme_fonts=\u00bbyes\u00bb][vc_column_text]La Asociaci\u00f3n de Artesanos y Productores Locales de Eivissa (AAPLE) se form\u00f3 en el a\u00f1o 2009, respondiendo a la necesidad de muchos artesanos y artesanas de dar a conocer su trabajo y su esfuerzo por crear algo diferente, creativo y propio.<\/p>\n<p>Participan en el mercado <i>M\u00fasics i Artesans al Poble de Santa Gertrudis<\/i>, todos los viernes durante el verano.[\/vc_column_text][vc_raw_html]JTNDYSUyMGhyZWYlM0QlMjJ0ZWwlM0ElMkIzNDYwODE3NzM0MCUyMiUyMHRhcmdldCUzRCUyMl9ibGFuayUyMiUyMGNsYXNzJTNEJTIyaWNvbnBob25lJTIyJTNFNjA4MTc3MzQwJTNDJTJGYSUzRSUwQSUzQ2ElMjBocmVmJTNEJTIyaHR0cHMlM0ElMkYlMkZ3d3cuaW5zdGFncmFtLmNvbSUyRmFhcGxlLmFydGVzYW5vc2liaXphJTJGJTIyJTIwdGFyZ2V0JTNEJTIyX2JsYW5rJTIyJTIwY2xhc3MlM0QlMjJyZWRlc2Fzb2MlMjIlM0UlM0NzcGFuJTIwY2xhc3MlM0QlMjJmYWIlMjBmYS1pbnN0YWdyYW0lMjIlM0UlM0MlMkZzcGFuJTNFYWFwbGUuYXJ0ZXNhbm9zaWJpemElM0MlMkZhJTNF[\/vc_raw_html][\/vc_column_inner][vc_column_inner width=\u00bb1\/3&#8243;][vc_custom_heading text=\u00bbAsociaci\u00f3n Es Juvert\u00bb font_container=\u00bbtag:h3|text_align:left\u00bb use_theme_fonts=\u00bbyes\u00bb][vc_column_text]La Asociaci\u00f3n Es Juvert se cre\u00f3 el a\u00f1o 2010, con el objetivo de promover la artesan\u00eda local y colaborar en la desestacionalizaci\u00f3n del turismo en Ibiza con la organizaci\u00f3n de actividades vinculadas con los productores artesanales de la isla.<\/p>\n<p>Participan en la Feria de Artesanos Productores de la Plaza del Parque de Vila, y organizan diferentes tipos de talleres de artesan\u00eda, para adultos y por ni\u00f1os, tanto por solicitud como durante las fiestas de la tierra y otros acontecimientos especiales.[\/vc_column_text][vc_raw_html]JTNDYSUyMGhyZWYlM0QlMjJtYWlsdG8lM0Flc2p1dmVydCU0MGdtYWlsLmNvbSUyMiUyMHRhcmdldCUzRCUyMl9ibGFuayUyMiUyMGNsYXNzJTNEJTIyaWNvbmVudmVsb3BlJTIyJTNFZXNqdXZlcnQlNDBnbWFpbC5jb20lM0MlMkZhJTNFJTBBJTNDYSUyMGhyZWYlM0QlMjJ0ZWwlM0ElMkIzNDY1MTE2NjgwNSUyMiUyMHRhcmdldCUzRCUyMl9ibGFuayUyMiUyMGNsYXNzJTNEJTIyaWNvbnBob25lJTIyJTNFNjUxMTY2ODA1JTNDJTJGYSUzRQ==[\/vc_raw_html][\/vc_column_inner][\/vc_row_inner][vc_row_inner equal_height=\u00bbyes\u00bb el_class=\u00bbbasociaciones\u00bb][vc_column_inner width=\u00bb1\/3&#8243;][vc_custom_heading text=\u00bbAsociaci\u00f3n Noves Arrels\u00bb font_container=\u00bbtag:h3|text_align:left\u00bb use_theme_fonts=\u00bbyes\u00bb][vc_column_text]La asociaci\u00f3n Noves Arrels ha sido creada en el a\u00f1o 2022 con el fin de acoger a artesanos de la isla de car\u00e1cter m\u00e1s innovador, y cuyas creaciones artesanales, fusionan solemnemente la tradici\u00f3n y las ra\u00edces de Ibiza con la modernidad.[\/vc_column_text][vc_raw_html]JTNDYSUyMGhyZWYlM0QlMjJtYWlsdG8lM0Fub3Zlc2FycmVsc2FydGVzYW5zJTQwZ21haWwuY29tJTIyJTIwdGFyZ2V0JTNEJTIyX2JsYW5rJTIyJTIwY2xhc3MlM0QlMjJpY29uZW52ZWxvcGUlMjIlM0Vub3Zlc2FycmVsc2FydGVzYW5zJTQwZ21haWwuY29tJTNDJTJGYSUzRSUwQSUzQ2ElMjBocmVmJTNEJTIydGVsJTNBJTJCMzQ2MDA3NDIyNDYlMjIlMjB0YXJnZXQlM0QlMjJfYmxhbmslMjIlMjBjbGFzcyUzRCUyMmljb25waG9uZSUyMiUzRTYwMDc0MjI0NiUzQyUyRmElM0UlMEElM0NhJTIwaHJlZiUzRCUyMmh0dHBzJTNBJTJGJTJGd3d3Lmluc3RhZ3JhbS5jb20lMkZub3Zlc2FycmVscyUyRiUyMiUyMHRhcmdldCUzRCUyMl9ibGFuayUyMiUyMGNsYXNzJTNEJTIycmVkZXNhc29jJTIyJTNFJTNDc3BhbiUyMGNsYXNzJTNEJTIyZmFiJTIwZmEtaW5zdGFncmFtJTIyJTNFJTNDJTJGc3BhbiUzRW5vdmVzYXJyZWxzJTNDJTJGYSUzRQ==[\/vc_raw_html][\/vc_column_inner][\/vc_row_inner][\/vc_column][\/vc_row][vc_row css=\u00bb.vc_custom_1661165461687{margin-top: 80px !important;}\u00bb][vc_column][vc_column_text]<\/p>\n<h2>Asociaciones artesanales<\/h2>\n<p>[\/vc_column_text][vc_row_inner equal_height=\u00bbyes\u00bb el_class=\u00bbbasociaciones\u00bb][vc_column_inner width=\u00bb1\/3&#8243;][vc_custom_heading text=\u00bbAsociaci\u00f3n Artesanal de Portmany\u00bb font_container=\u00bbtag:h3|text_align:left\u00bb use_theme_fonts=\u00bbyes\u00bb][vc_column_text]La Asociaci\u00f3n Artesanal de Portmany se cre\u00f3 el a\u00f1o 2007, con el objetivo de fomentar la artesan\u00eda ibicenca.<br \/>\nDesde la Asociaci\u00f3n se organizan anualmente talleres de cultura popular para ense\u00f1ar a hacer alpargatas (espardenyes), encaje de bolillos, cestas,&#8230;<br \/>\nEn colaboraci\u00f3n con el Ayuntamiento de San Antonio de Portmany organizan cada verano la feria artesanal de las fiestas de Sant Bartomeu, y tambi\u00e9n participan en otras ferias para fomentar la cultura tradicional.<br \/>\n[\/vc_column_text][vc_raw_html]JTNDYSUyMGhyZWYlM0QlMjJtYWlsdG8lM0FhcnRlc2Fub3Muc2FudGFudG9uaSU0MGdtYWlsLmNvbSUyMCUyMiUyMHRhcmdldCUzRCUyMl9ibGFuayUyMiUyMGNsYXNzJTNEJTIyaWNvbmVudmVsb3BlJTIyJTNFYXJ0ZXNhbm9zLnNhbnRhbnRvbmklNDBnbWFpbC5jb20lMjAlM0MlMkZhJTNFJTBBJTNDYSUyMGhyZWYlM0QlMjJ0ZWwlM0ElMkIzNDY3MTYxOTcyOCUyMiUyMHRhcmdldCUzRCUyMl9ibGFuayUyMiUyMGNsYXNzJTNEJTIyaWNvbnBob25lJTIyJTNFNjcxNjE5NzI4JTNDJTJGYSUzRSUwQSUzQ2ElMjBocmVmJTNEJTIyaHR0cHMlM0ElMkYlMkZ3d3cuaW5zdGFncmFtLmNvbSUyRmFzc29jaWFjaW9hcnRlc2FuYWxkZXBvcnRtYW55JTJGJTIyJTIwdGFyZ2V0JTNEJTIyX2JsYW5rJTIyJTIwY2xhc3MlM0QlMjJyZWRlc2Fzb2MlMjIlM0UlM0NzcGFuJTIwY2xhc3MlM0QlMjJmYWIlMjBmYS1pbnN0YWdyYW0lMjIlM0UlM0MlMkZzcGFuJTNFYXNzb2NpYWNpb2FydGVzYW5hbGRlcG9ydG1hbnklM0MlMkZhJTNF[\/vc_raw_html][\/vc_column_inner][vc_column_inner width=\u00bb1\/3&#8243;][vc_custom_heading text=\u00bbAsociaci\u00f3n Colla de sa Bodega\u00bb font_container=\u00bbtag:h3|text_align:left\u00bb use_theme_fonts=\u00bbyes\u00bb][vc_column_text]La Colla de sa Bodega naci\u00f3 el a\u00f1o 1987. Sus principales actividades son la realizaci\u00f3n de actuaciones en las fiestas patronales, as\u00ed como actuaciones semanales en el puerto de Ibiza a lo largo del verano. Tambi\u00e9n participan en otros eventos, ferias y muestras en Ibiza y fuera de la isla.<\/p>\n<p>Adem\u00e1s imparten clases de baile pay\u00e9s y de instrumentos tradicionales durante todo el a\u00f1o, para adultos y ni\u00f1os. Tambi\u00e9n organizan cursos y talleres para promover la difusi\u00f3n y el conocimiento de objectos tradicionales relacionados con el baile, la m\u00fasica y la artesan\u00eda popular ibicenca.[\/vc_column_text][vc_raw_html]JTNDYSUyMGhyZWYlM0QlMjJtYWlsdG8lM0Fjb2xsYXNhYm9kZWdhLmVpdmlzc2ElNDB5YWhvby5jb20lMjAlMjAlMjIlMjB0YXJnZXQlM0QlMjJfYmxhbmslMjIlMjBjbGFzcyUzRCUyMmljb25lbnZlbG9wZSUyMiUzRWNvbGxhc2Fib2RlZ2EuZWl2aXNzYSU0MHlhaG9vLmNvbSUyMCUzQyUyRmElM0UlMEElM0NhJTIwaHJlZiUzRCUyMnRlbCUzQSUyQjM0Njk5NDE3OTIxJTIyJTIwdGFyZ2V0JTNEJTIyX2JsYW5rJTIyJTIwY2xhc3MlM0QlMjJpY29ucGhvbmUlMjIlM0U2OTk0MTc5MjElM0MlMkZhJTNFJTBBJTNDYSUyMGhyZWYlM0QlMjJodHRwcyUzQSUyRiUyRmNvbGxhLXNhLWJvZGVnYS53ZWJub2RlLmVzJTJGJTIyJTIwdGFyZ2V0JTNEJTIyX2JsYW5rJTIyJTIwY2xhc3MlM0QlMjJpY29ud2ViJTIyJTNFd3d3LmNvbGxhLXNhLWJvZGVnYS53ZWJub2RlLmVzJTJGJTNDJTJGYSUzRSUwQSUzQ2ElMjBocmVmJTNEJTIyaHR0cHMlM0ElMkYlMkZ3d3cuZmFjZWJvb2suY29tJTJGQ29sbGEtU2EtQm9kZWdhLTU3Njg4NTAzNTc5NDAzMCUyMiUyMHRhcmdldCUzRCUyMl9ibGFuayUyMiUyMGNsYXNzJTNEJTIycmVkZXNhc29jJTIyJTNFJTNDc3BhbiUyMGNsYXNzJTNEJTIyZmFiJTIwZmEtZmFjZWJvb2stZiUyMiUzRSUzQyUyRnNwYW4lM0VDb2xsYS1TYS1Cb2RlZ2ElM0MlMkZhJTNF[\/vc_raw_html][\/vc_column_inner][vc_column_inner width=\u00bb1\/3&#8243;][vc_custom_heading text=\u00bbAsociaci\u00f3n Cultural El Retorn de Ibiza y Formentera\u00bb font_container=\u00bbtag:h3|text_align:left\u00bb use_theme_fonts=\u00bbyes\u00bb][vc_column_text]La Asociaci\u00f3n Cultural El Retorn de Ibiza y Formentera es una organizaci\u00f3n sin \u00e1nimo de lucro que tiene como objetivo la recuperaci\u00f3n, estudio, revalorizaci\u00f3n y promoci\u00f3n de los oficios artesanales de Ibiza y Formentera. [\/vc_column_text][vc_raw_html]JTNDYSUyMGhyZWYlM0QlMjJtYWlsdG8lM0FlbHJldG9ybiU0MGhvdG1haWwuY29tJTIyJTIwdGFyZ2V0JTNEJTIyX2JsYW5rJTIyJTIwY2xhc3MlM0QlMjJpY29uZW52ZWxvcGUlMjIlM0VlbHJldG9ybiU0MGhvdG1haWwuY29tJTNDJTJGYSUzRSUwQSUzQ2ElMjBocmVmJTNEJTIydGVsJTNBJTJCMzQ2MTk4MjMwNDglMjIlMjB0YXJnZXQlM0QlMjJfYmxhbmslMjIlMjBjbGFzcyUzRCUyMmljb25waG9uZSUyMiUzRTYxOTgyMzA0OCUzQyUyRmElM0UlMEElM0NhJTIwaHJlZiUzRCUyMmh0dHBzJTNBJTJGJTJGZWxyZXRvcm4ub3JnJTJGJTIyJTIwdGFyZ2V0JTNEJTIyX2JsYW5rJTIyJTIwY2xhc3MlM0QlMjJpY29ud2ViJTIyJTNFd3d3LmVscmV0b3JuLm9yZyUzQyUyRmElM0U=[\/vc_raw_html][\/vc_column_inner][\/vc_row_inner][vc_row_inner equal_height=\u00bbyes\u00bb el_class=\u00bbbasociaciones\u00bb][vc_column_inner width=\u00bb1\/3&#8243;][vc_custom_heading text=\u00bb&#8216;Eines i Feines&#8217; &#8211; Asociaci\u00f3n cultural y artesanal ibicenca\u00bb font_container=\u00bbtag:h3|text_align:left\u00bb use_theme_fonts=\u00bbyes\u00bb][vc_column_text]La finalidad de la Asociaci\u00f3n es ayudar a conservar la cultura, la artesan\u00eda y las tradiciones ibicencas.[\/vc_column_text][vc_raw_html]JTNDYSUyMGhyZWYlM0QlMjJtYWlsdG8lM0FlaW5lcy5mZWluZXMlNDBnbWFpbC5jb20lMjIlMjB0YXJnZXQlM0QlMjJfYmxhbmslMjIlMjBjbGFzcyUzRCUyMmljb25lbnZlbG9wZSUyMiUzRWVpbmVzLmZlaW5lcyU0MGdtYWlsLmNvbSUzQyUyRmElM0UlMEElM0NhJTIwaHJlZiUzRCUyMnRlbCUzQSUyQjM0NjIzMTgzNzM2JTIyJTIwdGFyZ2V0JTNEJTIyX2JsYW5rJTIyJTIwY2xhc3MlM0QlMjJpY29ucGhvbmUlMjIlM0U2MjMxODM3MzYlM0MlMkZhJTNFJTBBJTNDYSUyMGhyZWYlM0QlMjJodHRwcyUzQSUyRiUyRnd3dy5mYWNlYm9vay5jb20lMkZFaW5lc2lGZWluZXMlMkYlMjIlMjB0YXJnZXQlM0QlMjJfYmxhbmslMjIlMjBjbGFzcyUzRCUyMnJlZGVzYXNvYyUyMiUzRSUzQ3NwYW4lMjBjbGFzcyUzRCUyMmZhYiUyMGZhLWZhY2Vib29rLWYlMjIlM0UlM0MlMkZzcGFuJTNFRWluZXNpRmVpbmVzJTNDJTJGYSUzRQ==[\/vc_raw_html][\/vc_column_inner][\/vc_row_inner][\/vc_column][\/vc_row]<\/p>\n","protected":false},"excerpt":{"rendered":"<p>[vc_row full_width=\u00bbstretch_row\u00bb el_id=\u00bbtop_page\u00bb css=\u00bb.vc_custom_1661161358153{background-color: #e8e3d5 !important;}\u00bb][vc_column][vc_custom_heading text=\u00bbAsociaciones de artesanos\u00bb font_container=\u00bbtag:h1|text_align:center\u00bb use_theme_fonts=\u00bbyes\u00bb][\/vc_column][\/vc_row][vc_row][vc_column][vc_column_text] Asociaciones profesionales [\/vc_column_text][vc_row_inner equal_height=\u00bbyes\u00bb el_class=\u00bbbasociaciones\u00bb][vc_column_inner width=\u00bb1\/3&#8243;][vc_custom_heading text=\u00bbAsociaci\u00f3n de Artesanos de la Peque\u00f1a y Mediana Empresa de Ibiza y Formentera [&hellip;]<\/p>\n","protected":false},"author":1,"featured_media":0,"parent":0,"menu_order":0,"comment_status":"closed","ping_status":"closed","template":"","meta":{"footnotes":""},"class_list":["post-2994","page","type-page","status-publish","hentry"],"acf":[],"yoast_head":"<!-- This site is optimized with the Yoast SEO plugin v19.6 - https:\/\/yoast.com\/wordpress\/plugins\/seo\/ -->\n<title>Asociaciones - Artesania d&#039;Eivissa<\/title>\n<meta name=\"robots\" content=\"index, follow, max-snippet:-1, max-image-preview:large, max-video-preview:-1\" \/>\n<link rel=\"canonical\" href=\"https:\/\/artesania.conselldeivissa.es\/es\/asociaciones\/\" \/>\n<meta property=\"og:locale\" content=\"es_ES\" \/>\n<meta property=\"og:type\" content=\"article\" \/>\n<meta property=\"og:title\" content=\"Asociaciones - Artesania d&#039;Eivissa\" \/>\n<meta property=\"og:description\" content=\"[vc_row full_width=\u00bbstretch_row\u00bb el_id=\u00bbtop_page\u00bb css=\u00bb.vc_custom_1661161358153{background-color: #e8e3d5 !important;}\u00bb][vc_column][vc_custom_heading text=\u00bbAsociaciones de artesanos\u00bb font_container=\u00bbtag:h1|text_align:center\u00bb use_theme_fonts=\u00bbyes\u00bb][\/vc_column][\/vc_row][vc_row][vc_column][vc_column_text] Asociaciones profesionales [\/vc_column_text][vc_row_inner equal_height=\u00bbyes\u00bb el_class=\u00bbbasociaciones\u00bb][vc_column_inner width=\u00bb1\/3&#8243;][vc_custom_heading text=\u00bbAsociaci\u00f3n de Artesanos de la Peque\u00f1a y Mediana Empresa de Ibiza y Formentera [&hellip;]\" \/>\n<meta property=\"og:url\" content=\"https:\/\/artesania.conselldeivissa.es\/es\/asociaciones\/\" \/>\n<meta property=\"og:site_name\" content=\"Artesania d&#039;Eivissa\" \/>\n<meta property=\"article:modified_time\" content=\"2024-03-13T14:59:08+00:00\" \/>\n<meta name=\"twitter:card\" content=\"summary_large_image\" \/>\n<meta name=\"twitter:label1\" content=\"Tiempo de lectura\" \/>\n\t<meta name=\"twitter:data1\" content=\"3 minutos\" \/>\n<script type=\"application\/ld+json\" class=\"yoast-schema-graph\">{\"@context\":\"https:\/\/schema.org\",\"@graph\":[{\"@type\":\"WebPage\",\"@id\":\"https:\/\/artesania.conselldeivissa.es\/es\/asociaciones\/\",\"url\":\"https:\/\/artesania.conselldeivissa.es\/es\/asociaciones\/\",\"name\":\"Asociaciones - Artesania d&#039;Eivissa\",\"isPartOf\":{\"@id\":\"https:\/\/artesania.conselldeivissa.es\/#website\"},\"datePublished\":\"2022-08-22T10:20:58+00:00\",\"dateModified\":\"2024-03-13T14:59:08+00:00\",\"breadcrumb\":{\"@id\":\"https:\/\/artesania.conselldeivissa.es\/es\/asociaciones\/#breadcrumb\"},\"inLanguage\":\"es\",\"potentialAction\":[{\"@type\":\"ReadAction\",\"target\":[\"https:\/\/artesania.conselldeivissa.es\/es\/asociaciones\/\"]}]},{\"@type\":\"BreadcrumbList\",\"@id\":\"https:\/\/artesania.conselldeivissa.es\/es\/asociaciones\/#breadcrumb\",\"itemListElement\":[{\"@type\":\"ListItem\",\"position\":1,\"name\":\"Portada\",\"item\":\"https:\/\/artesania.conselldeivissa.es\/es\/\"},{\"@type\":\"ListItem\",\"position\":2,\"name\":\"Asociaciones\"}]},{\"@type\":\"WebSite\",\"@id\":\"https:\/\/artesania.conselldeivissa.es\/#website\",\"url\":\"https:\/\/artesania.conselldeivissa.es\/\",\"name\":\"Artesania d&#039;Eivissa\",\"description\":\"Artesanes i artesans d&#039;Eivisssa\",\"publisher\":{\"@id\":\"https:\/\/artesania.conselldeivissa.es\/#organization\"},\"potentialAction\":[{\"@type\":\"SearchAction\",\"target\":{\"@type\":\"EntryPoint\",\"urlTemplate\":\"https:\/\/artesania.conselldeivissa.es\/?s={search_term_string}\"},\"query-input\":\"required name=search_term_string\"}],\"inLanguage\":\"es\"},{\"@type\":\"Organization\",\"@id\":\"https:\/\/artesania.conselldeivissa.es\/#organization\",\"name\":\"Artesania d&#039;Eivissa\",\"url\":\"https:\/\/artesania.conselldeivissa.es\/\",\"sameAs\":[],\"logo\":{\"@type\":\"ImageObject\",\"inLanguage\":\"es\",\"@id\":\"https:\/\/artesania.conselldeivissa.es\/#\/schema\/logo\/image\/\",\"url\":\"https:\/\/artesania.conselldeivissa.es\/wp-content\/uploads\/2022\/08\/artesansnegro.png\",\"contentUrl\":\"https:\/\/artesania.conselldeivissa.es\/wp-content\/uploads\/2022\/08\/artesansnegro.png\",\"width\":400,\"height\":97,\"caption\":\"Artesania d&#039;Eivissa\"},\"image\":{\"@id\":\"https:\/\/artesania.conselldeivissa.es\/#\/schema\/logo\/image\/\"}}]}<\/script>\n<!-- \/ Yoast SEO plugin. -->","yoast_head_json":{"title":"Asociaciones - Artesania d&#039;Eivissa","robots":{"index":"index","follow":"follow","max-snippet":"max-snippet:-1","max-image-preview":"max-image-preview:large","max-video-preview":"max-video-preview:-1"},"canonical":"https:\/\/artesania.conselldeivissa.es\/es\/asociaciones\/","og_locale":"es_ES","og_type":"article","og_title":"Asociaciones - Artesania d&#039;Eivissa","og_description":"[vc_row full_width=\u00bbstretch_row\u00bb el_id=\u00bbtop_page\u00bb css=\u00bb.vc_custom_1661161358153{background-color: #e8e3d5 !important;}\u00bb][vc_column][vc_custom_heading text=\u00bbAsociaciones de artesanos\u00bb font_container=\u00bbtag:h1|text_align:center\u00bb use_theme_fonts=\u00bbyes\u00bb][\/vc_column][\/vc_row][vc_row][vc_column][vc_column_text] Asociaciones profesionales [\/vc_column_text][vc_row_inner equal_height=\u00bbyes\u00bb el_class=\u00bbbasociaciones\u00bb][vc_column_inner width=\u00bb1\/3&#8243;][vc_custom_heading text=\u00bbAsociaci\u00f3n de Artesanos de la Peque\u00f1a y Mediana Empresa de Ibiza y Formentera [&hellip;]","og_url":"https:\/\/artesania.conselldeivissa.es\/es\/asociaciones\/","og_site_name":"Artesania d&#039;Eivissa","article_modified_time":"2024-03-13T14:59:08+00:00","twitter_card":"summary_large_image","twitter_misc":{"Tiempo de lectura":"3 minutos"},"schema":{"@context":"https:\/\/schema.org","@graph":[{"@type":"WebPage","@id":"https:\/\/artesania.conselldeivissa.es\/es\/asociaciones\/","url":"https:\/\/artesania.conselldeivissa.es\/es\/asociaciones\/","name":"Asociaciones - Artesania d&#039;Eivissa","isPartOf":{"@id":"https:\/\/artesania.conselldeivissa.es\/#website"},"datePublished":"2022-08-22T10:20:58+00:00","dateModified":"2024-03-13T14:59:08+00:00","breadcrumb":{"@id":"https:\/\/artesania.conselldeivissa.es\/es\/asociaciones\/#breadcrumb"},"inLanguage":"es","potentialAction":[{"@type":"ReadAction","target":["https:\/\/artesania.conselldeivissa.es\/es\/asociaciones\/"]}]},{"@type":"BreadcrumbList","@id":"https:\/\/artesania.conselldeivissa.es\/es\/asociaciones\/#breadcrumb","itemListElement":[{"@type":"ListItem","position":1,"name":"Portada","item":"https:\/\/artesania.conselldeivissa.es\/es\/"},{"@type":"ListItem","position":2,"name":"Asociaciones"}]},{"@type":"WebSite","@id":"https:\/\/artesania.conselldeivissa.es\/#website","url":"https:\/\/artesania.conselldeivissa.es\/","name":"Artesania d&#039;Eivissa","description":"Artesanes i artesans d&#039;Eivisssa","publisher":{"@id":"https:\/\/artesania.conselldeivissa.es\/#organization"},"potentialAction":[{"@type":"SearchAction","target":{"@type":"EntryPoint","urlTemplate":"https:\/\/artesania.conselldeivissa.es\/?s={search_term_string}"},"query-input":"required name=search_term_string"}],"inLanguage":"es"},{"@type":"Organization","@id":"https:\/\/artesania.conselldeivissa.es\/#organization","name":"Artesania d&#039;Eivissa","url":"https:\/\/artesania.conselldeivissa.es\/","sameAs":[],"logo":{"@type":"ImageObject","inLanguage":"es","@id":"https:\/\/artesania.conselldeivissa.es\/#\/schema\/logo\/image\/","url":"https:\/\/artesania.conselldeivissa.es\/wp-content\/uploads\/2022\/08\/artesansnegro.png","contentUrl":"https:\/\/artesania.conselldeivissa.es\/wp-content\/uploads\/2022\/08\/artesansnegro.png","width":400,"height":97,"caption":"Artesania d&#039;Eivissa"},"image":{"@id":"https:\/\/artesania.conselldeivissa.es\/#\/schema\/logo\/image\/"}}]}},"_links":{"self":[{"href":"https:\/\/artesania.conselldeivissa.es\/es\/wp-json\/wp\/v2\/pages\/2994","targetHints":{"allow":["GET"]}}],"collection":[{"href":"https:\/\/artesania.conselldeivissa.es\/es\/wp-json\/wp\/v2\/pages"}],"about":[{"href":"https:\/\/artesania.conselldeivissa.es\/es\/wp-json\/wp\/v2\/types\/page"}],"author":[{"embeddable":true,"href":"https:\/\/artesania.conselldeivissa.es\/es\/wp-json\/wp\/v2\/users\/1"}],"replies":[{"embeddable":true,"href":"https:\/\/artesania.conselldeivissa.es\/es\/wp-json\/wp\/v2\/comments?post=2994"}],"version-history":[{"count":4,"href":"https:\/\/artesania.conselldeivissa.es\/es\/wp-json\/wp\/v2\/pages\/2994\/revisions"}],"predecessor-version":[{"id":9567,"href":"https:\/\/artesania.conselldeivissa.es\/es\/wp-json\/wp\/v2\/pages\/2994\/revisions\/9567"}],"wp:attachment":[{"href":"https:\/\/artesania.conselldeivissa.es\/es\/wp-json\/wp\/v2\/media?parent=2994"}],"curies":[{"name":"wp","href":"https:\/\/api.w.org\/{rel}","templated":true}]}}