{"id":2376,"date":"2022-08-17T09:48:24","date_gmt":"2022-08-17T07:48:24","guid":{"rendered":"https:\/\/artesania.conselldeivissa.es\/?page_id=2376"},"modified":"2022-09-12T16:01:01","modified_gmt":"2022-09-12T14:01:01","slug":"quienes-somos","status":"publish","type":"page","link":"https:\/\/artesania.conselldeivissa.es\/es\/quienes-somos\/","title":{"rendered":"Qui\u00e9nes somos"},"content":{"rendered":"<p>[vc_row full_width=\u00bbstretch_row\u00bb css=\u00bb.vc_custom_1660722078722{background-color: #e8e3d5 !important;}\u00bb el_id=\u00bbtop_page\u00bb][vc_column][vc_custom_heading text=\u00bbArtesan\u00eda de Ibiza\u00bb font_container=\u00bbtag:h1|text_align:center\u00bb use_theme_fonts=\u00bbyes\u00bb][\/vc_column][\/vc_row][vc_row][vc_column][vc_column_text el_class=\u00bbh2page\u00bb]<\/p>\n<h2 style=\"text-align: left;\">Ibiza, el lugar de inspiraci\u00f3n de nuestros artesanos<\/h2>\n<p>[\/vc_column_text][vc_column_text]<\/p>\n<p style=\"text-align: left;\">Desde sus or\u00edgenes Ibiza ha estado vinculada con la artesan\u00eda.<\/p>\n<p>La forma de vida auto suficiente, los recursos naturales propios y un conjunto de tradiciones y costumbres caracter\u00edsticas de su cultura, han hecho de Ibiza el escenario perfecto para el crecimiento de los artistas y la evoluci\u00f3n de la artesan\u00eda.<\/p>\n<p>Pero no solo los ibicencos y las ibicencas han desarrollado la artesan\u00eda propia en la isla. Desde los a\u00f1os sesenta y setenta muchas personas con inquietudes creativas se han establecido en Ibiza o han pasado aqu\u00ed largas temporadas para trabajar sus productos artesanos.<\/p>\n<p>[\/vc_column_text][vc_row_inner equal_height=\u00bbyes\u00bb css=\u00bb.vc_custom_1661156718134{margin-bottom: 0px !important;border-bottom-width: 0px !important;padding-bottom: 0px !important;}\u00bb el_class=\u00bbbfotos\u00bb][vc_column_inner width=\u00bb1\/2&#8243; css=\u00bb.vc_custom_1661156606613{margin-right: 0px !important;border-right-width: 0px !important;padding-right: 10px !important;}\u00bb][vc_single_image image=\u00bb2986&#8243; img_size=\u00bbfull\u00bb add_caption=\u00bbyes\u00bb css=\u00bb.vc_custom_1661156949241{margin-bottom: 20px !important;}\u00bb][vc_single_image image=\u00bb2472&#8243; img_size=\u00bbfull\u00bb add_caption=\u00bbyes\u00bb css=\u00bb.vc_custom_1660807295832{margin-right: 0px !important;border-right-width: 0px !important;padding-right: 0px !important;}\u00bb][\/vc_column_inner][vc_column_inner width=\u00bb1\/2&#8243; css=\u00bb.vc_custom_1661156613724{margin-left: 0px !important;border-left-width: 0px !important;padding-left: 10px !important;}\u00bb][vc_single_image image=\u00bb2457&#8243; img_size=\u00bbfull\u00bb add_caption=\u00bbyes\u00bb css=\u00bb.vc_custom_1661156673213{margin-bottom: 0px !important;border-bottom-width: 0px !important;padding-bottom: 10px !important;}\u00bb][vc_single_image image=\u00bb2460&#8243; img_size=\u00bbfull\u00bb add_caption=\u00bbyes\u00bb css=\u00bb.vc_custom_1661156797988{margin-top: 0px !important;margin-bottom: 20px !important;border-top-width: 0px !important;padding-top: 10px !important;}\u00bb][vc_single_image image=\u00bb2474&#8243; img_size=\u00bbfull\u00bb add_caption=\u00bbyes\u00bb][\/vc_column_inner][\/vc_row_inner][vc_column_text]<\/p>\n<p style=\"text-align: left;\">Hay una Ibiza que no tiene prisa, que espera a que los frutos est\u00e9n en su punto de madurez perfecto, que sigue elaborando la vestimenta tradicional como se hac\u00eda antiguamente, que dedica a cada producto artesanal todo el tiempo que necesita y que recoge con respeto las materias primas que la tierra nos ofrece: la lana, la pitra, el barro, la madera, el esparto, las hierbas, los frutos,&#8230;<\/p>\n<p>Es una Ibiza que lucha para que no se pierdan sus tradiciones, a la vez que convive en armon\u00eda con otros proyectos que exploran los materiales actuales y nuevas formas de creaci\u00f3n siguiendo caminos m\u00e1s modernos.<\/p>\n<p>La Ibiza artesana tiene una luz especial, despierta los sentidos con las fragancias de su naturaleza, revitaliza el esp\u00edritu con la brisa marina y las salpicaduras de las olas, y te conecta con tu esencia m\u00e1s creativa.<\/p>\n<p>[\/vc_column_text][\/vc_column][\/vc_row][vc_row css=\u00bb.vc_custom_1660738783189{margin-top: 0px !important;border-top-width: 0px !important;padding-top: 0px !important;}\u00bb][vc_column][vc_gallery interval=\u00bb3&#8243; images=\u00bb2490,2477,2496,2480,2482,2484,2486,2488,2492,2494&#8243; img_size=\u00bbfull\u00bb css=\u00bb.vc_custom_1660739024478{margin-top: 0px !important;border-top-width: 0px !important;padding-top: 0px !important;}\u00bb][\/vc_column][\/vc_row][vc_row css=\u00bb.vc_custom_1661252995008{margin-top: 80px !important;}\u00bb el_id=\u00bbbartei\u00bb][vc_column][vc_column_text]<\/p>\n<h2 style=\"text-align: left;\">Artesan\u00eda de Ibiza<\/h2>\n<p>El Consell Insular d&#8217;Eivissa de Ibiza tiene atribuida la competencia en materia de artesan\u00eda. Tramita y expide las diferentes acreditaciones artesanales, pero tambi\u00e9n lleva a cabo diferentes acciones para fomentar a nuestros artesanos y mejorar su competitividad as\u00ed como para promocionar y dar a conocer la artesan\u00eda de Ibiza.<\/p>\n<p>El portal web de Artesan\u00eda de Ibiza recoge buena parte de la informaci\u00f3n relacionada con los artesanos y la artesan\u00eda de Ibiza, con el objetivo de que sea una herramienta \u00fatil para dar a conocer a nuestros visitantes esta parte tan importante de nuestra cultura, pero tambi\u00e9n para facilitar a los residentes en la isla la informaci\u00f3n sobre los artesanos y los acontecimientos relacionados con la artesan\u00eda.<\/p>\n<p><strong><a href=\"https:\/\/artesania.conselldeivissa.es\/es\/asociaciones\/\">Conoce las asociaciones de artesanos<\/a><\/strong>[\/vc_column_text][\/vc_column][\/vc_row][vc_row el_id=\u00bbacreditaciones\u00bb css=\u00bb.vc_custom_1660806707771{margin-top: 80px !important;}\u00bb][vc_column][vc_column_text]<\/p>\n<h2 style=\"text-align: left;\">Acreditaci\u00f3n artesanal<\/h2>\n<p>La normativa balear rige la documentaci\u00f3n oficial que avala que una persona artesana tiene conocimientos y utiliza las t\u00e9cnicas adecuadas para la elaboraci\u00f3n de los productos propios de su oficio. La carta de artesano\/a acredita tener conocimientos y pr\u00e1cticas de ese oficio, y la carta de maestro artesano\/a, respalda que la persona artesana conoce en toda su amplitud los conocimientos y las t\u00e9cnicas propias del oficio a ra\u00edz de una mayor trayectoria recorrida en dicho oficio.<\/p>\n<p>La carta de artesano\/a, la carta de maestro\/a artesano\/a o el documento de cualificaci\u00f3n artesanal, en el caso de empresas artesanas, otorgadas por el Consell Insular d\u2019Eivissa, supone un elemento diferenciador y garantiza que el producto se elabora de forma artesanal y que est\u00e1 hecho en Ibiza.<br \/>\nEste documento avala a las personas a quienes se les concede y otorga un valor a\u00f1adido a sus productos, acerca de su calidad y procedencia, respecto a otros productos que no se elaboran de forma artesanal.<\/p>\n<p>M\u00e1s informaci\u00f3n sobre las acreditaciones artesanales en la<a href=\"https:\/\/www.conselldeivissa.es\/es\/departartamentos\/promocion-economica-empresarial\/area\/artesania-moda-adlib\" target=\"_blank\" rel=\"noopener\"> p\u00e1gina web del Consell Insular d\u2019Eivissa<\/a>.[\/vc_column_text][\/vc_column][\/vc_row][vc_row css=\u00bb.vc_custom_1661161056683{margin-top: 40px !important;}\u00bb el_id=\u00bblogoscart\u00bb][vc_column width=\u00bb1\/3&#8243;][vc_single_image image=\u00bb4307&#8243; img_size=\u00bbfull\u00bb alignment=\u00bbcenter\u00bb][\/vc_column][vc_column width=\u00bb1\/3&#8243;][vc_single_image image=\u00bb4303&#8243; img_size=\u00bbfull\u00bb alignment=\u00bbcenter\u00bb][\/vc_column][vc_column width=\u00bb1\/3&#8243;][vc_single_image image=\u00bb4305&#8243; img_size=\u00bb200&#215;200&#8243; alignment=\u00bbcenter\u00bb][\/vc_column][\/vc_row][vc_row el_id=\u00bbvideo\u00bb css=\u00bb.vc_custom_1660806699614{margin-top: 80px !important;}\u00bb][vc_column][vc_column_text]<\/p>\n<h2 style=\"text-align: left;\">Video Artesania d&#8217;Eivissa<\/h2>\n<p>[\/vc_column_text][vc_video link=\u00bbhttps:\/\/vimeo.com\/734361740&#8243; el_aspect=\u00bb235&#8243; css=\u00bb.vc_custom_1660740068717{margin-top: 0px !important;border-top-width: 0px !important;padding-top: 0px !important;}\u00bb][\/vc_column][\/vc_row]<\/p>\n","protected":false},"excerpt":{"rendered":"<p>[vc_row full_width=\u00bbstretch_row\u00bb css=\u00bb.vc_custom_1660722078722{background-color: #e8e3d5 !important;}\u00bb el_id=\u00bbtop_page\u00bb][vc_column][vc_custom_heading text=\u00bbArtesan\u00eda de Ibiza\u00bb font_container=\u00bbtag:h1|text_align:center\u00bb use_theme_fonts=\u00bbyes\u00bb][\/vc_column][\/vc_row][vc_row][vc_column][vc_column_text el_class=\u00bbh2page\u00bb] Ibiza, el lugar de inspiraci\u00f3n de nuestros artesanos [\/vc_column_text][vc_column_text] Desde sus or\u00edgenes Ibiza ha estado vinculada con la [&hellip;]<\/p>\n","protected":false},"author":1,"featured_media":0,"parent":0,"menu_order":0,"comment_status":"closed","ping_status":"closed","template":"","meta":{"footnotes":""},"class_list":["post-2376","page","type-page","status-publish","hentry"],"acf":[],"yoast_head":"<!-- This site is optimized with the Yoast SEO plugin v19.6 - https:\/\/yoast.com\/wordpress\/plugins\/seo\/ -->\n<title>Qui\u00e9nes somos - Artesania d&#039;Eivissa<\/title>\n<meta name=\"robots\" content=\"index, follow, max-snippet:-1, max-image-preview:large, max-video-preview:-1\" \/>\n<link rel=\"canonical\" href=\"https:\/\/artesania.conselldeivissa.es\/es\/quienes-somos\/\" \/>\n<meta property=\"og:locale\" content=\"es_ES\" \/>\n<meta property=\"og:type\" content=\"article\" \/>\n<meta property=\"og:title\" content=\"Qui\u00e9nes somos - Artesania d&#039;Eivissa\" \/>\n<meta property=\"og:description\" content=\"[vc_row full_width=\u00bbstretch_row\u00bb css=\u00bb.vc_custom_1660722078722{background-color: #e8e3d5 !important;}\u00bb el_id=\u00bbtop_page\u00bb][vc_column][vc_custom_heading text=\u00bbArtesan\u00eda de Ibiza\u00bb font_container=\u00bbtag:h1|text_align:center\u00bb use_theme_fonts=\u00bbyes\u00bb][\/vc_column][\/vc_row][vc_row][vc_column][vc_column_text el_class=\u00bbh2page\u00bb] Ibiza, el lugar de inspiraci\u00f3n de nuestros artesanos [\/vc_column_text][vc_column_text] Desde sus or\u00edgenes Ibiza ha estado vinculada con la [&hellip;]\" \/>\n<meta property=\"og:url\" content=\"https:\/\/artesania.conselldeivissa.es\/es\/quienes-somos\/\" \/>\n<meta property=\"og:site_name\" content=\"Artesania d&#039;Eivissa\" \/>\n<meta property=\"article:modified_time\" content=\"2022-09-12T14:01:01+00:00\" \/>\n<meta name=\"twitter:card\" content=\"summary_large_image\" \/>\n<meta name=\"twitter:label1\" content=\"Tiempo de lectura\" \/>\n\t<meta name=\"twitter:data1\" content=\"4 minutos\" \/>\n<script type=\"application\/ld+json\" class=\"yoast-schema-graph\">{\"@context\":\"https:\/\/schema.org\",\"@graph\":[{\"@type\":\"WebPage\",\"@id\":\"https:\/\/artesania.conselldeivissa.es\/es\/quienes-somos\/\",\"url\":\"https:\/\/artesania.conselldeivissa.es\/es\/quienes-somos\/\",\"name\":\"Qui\u00e9nes somos - Artesania d&#039;Eivissa\",\"isPartOf\":{\"@id\":\"https:\/\/artesania.conselldeivissa.es\/#website\"},\"datePublished\":\"2022-08-17T07:48:24+00:00\",\"dateModified\":\"2022-09-12T14:01:01+00:00\",\"breadcrumb\":{\"@id\":\"https:\/\/artesania.conselldeivissa.es\/es\/quienes-somos\/#breadcrumb\"},\"inLanguage\":\"es\",\"potentialAction\":[{\"@type\":\"ReadAction\",\"target\":[\"https:\/\/artesania.conselldeivissa.es\/es\/quienes-somos\/\"]}]},{\"@type\":\"BreadcrumbList\",\"@id\":\"https:\/\/artesania.conselldeivissa.es\/es\/quienes-somos\/#breadcrumb\",\"itemListElement\":[{\"@type\":\"ListItem\",\"position\":1,\"name\":\"Portada\",\"item\":\"https:\/\/artesania.conselldeivissa.es\/es\/\"},{\"@type\":\"ListItem\",\"position\":2,\"name\":\"Qui\u00e9nes somos\"}]},{\"@type\":\"WebSite\",\"@id\":\"https:\/\/artesania.conselldeivissa.es\/#website\",\"url\":\"https:\/\/artesania.conselldeivissa.es\/\",\"name\":\"Artesania d&#039;Eivissa\",\"description\":\"Artesanes i artesans d&#039;Eivisssa\",\"publisher\":{\"@id\":\"https:\/\/artesania.conselldeivissa.es\/#organization\"},\"potentialAction\":[{\"@type\":\"SearchAction\",\"target\":{\"@type\":\"EntryPoint\",\"urlTemplate\":\"https:\/\/artesania.conselldeivissa.es\/?s={search_term_string}\"},\"query-input\":\"required name=search_term_string\"}],\"inLanguage\":\"es\"},{\"@type\":\"Organization\",\"@id\":\"https:\/\/artesania.conselldeivissa.es\/#organization\",\"name\":\"Artesania d&#039;Eivissa\",\"url\":\"https:\/\/artesania.conselldeivissa.es\/\",\"sameAs\":[],\"logo\":{\"@type\":\"ImageObject\",\"inLanguage\":\"es\",\"@id\":\"https:\/\/artesania.conselldeivissa.es\/#\/schema\/logo\/image\/\",\"url\":\"https:\/\/artesania.conselldeivissa.es\/wp-content\/uploads\/2022\/08\/artesansnegro.png\",\"contentUrl\":\"https:\/\/artesania.conselldeivissa.es\/wp-content\/uploads\/2022\/08\/artesansnegro.png\",\"width\":400,\"height\":97,\"caption\":\"Artesania d&#039;Eivissa\"},\"image\":{\"@id\":\"https:\/\/artesania.conselldeivissa.es\/#\/schema\/logo\/image\/\"}}]}<\/script>\n<!-- \/ Yoast SEO plugin. -->","yoast_head_json":{"title":"Qui\u00e9nes somos - Artesania d&#039;Eivissa","robots":{"index":"index","follow":"follow","max-snippet":"max-snippet:-1","max-image-preview":"max-image-preview:large","max-video-preview":"max-video-preview:-1"},"canonical":"https:\/\/artesania.conselldeivissa.es\/es\/quienes-somos\/","og_locale":"es_ES","og_type":"article","og_title":"Qui\u00e9nes somos - Artesania d&#039;Eivissa","og_description":"[vc_row full_width=\u00bbstretch_row\u00bb css=\u00bb.vc_custom_1660722078722{background-color: #e8e3d5 !important;}\u00bb el_id=\u00bbtop_page\u00bb][vc_column][vc_custom_heading text=\u00bbArtesan\u00eda de Ibiza\u00bb font_container=\u00bbtag:h1|text_align:center\u00bb use_theme_fonts=\u00bbyes\u00bb][\/vc_column][\/vc_row][vc_row][vc_column][vc_column_text el_class=\u00bbh2page\u00bb] Ibiza, el lugar de inspiraci\u00f3n de nuestros artesanos [\/vc_column_text][vc_column_text] Desde sus or\u00edgenes Ibiza ha estado vinculada con la [&hellip;]","og_url":"https:\/\/artesania.conselldeivissa.es\/es\/quienes-somos\/","og_site_name":"Artesania d&#039;Eivissa","article_modified_time":"2022-09-12T14:01:01+00:00","twitter_card":"summary_large_image","twitter_misc":{"Tiempo de lectura":"4 minutos"},"schema":{"@context":"https:\/\/schema.org","@graph":[{"@type":"WebPage","@id":"https:\/\/artesania.conselldeivissa.es\/es\/quienes-somos\/","url":"https:\/\/artesania.conselldeivissa.es\/es\/quienes-somos\/","name":"Qui\u00e9nes somos - Artesania d&#039;Eivissa","isPartOf":{"@id":"https:\/\/artesania.conselldeivissa.es\/#website"},"datePublished":"2022-08-17T07:48:24+00:00","dateModified":"2022-09-12T14:01:01+00:00","breadcrumb":{"@id":"https:\/\/artesania.conselldeivissa.es\/es\/quienes-somos\/#breadcrumb"},"inLanguage":"es","potentialAction":[{"@type":"ReadAction","target":["https:\/\/artesania.conselldeivissa.es\/es\/quienes-somos\/"]}]},{"@type":"BreadcrumbList","@id":"https:\/\/artesania.conselldeivissa.es\/es\/quienes-somos\/#breadcrumb","itemListElement":[{"@type":"ListItem","position":1,"name":"Portada","item":"https:\/\/artesania.conselldeivissa.es\/es\/"},{"@type":"ListItem","position":2,"name":"Qui\u00e9nes somos"}]},{"@type":"WebSite","@id":"https:\/\/artesania.conselldeivissa.es\/#website","url":"https:\/\/artesania.conselldeivissa.es\/","name":"Artesania d&#039;Eivissa","description":"Artesanes i artesans d&#039;Eivisssa","publisher":{"@id":"https:\/\/artesania.conselldeivissa.es\/#organization"},"potentialAction":[{"@type":"SearchAction","target":{"@type":"EntryPoint","urlTemplate":"https:\/\/artesania.conselldeivissa.es\/?s={search_term_string}"},"query-input":"required name=search_term_string"}],"inLanguage":"es"},{"@type":"Organization","@id":"https:\/\/artesania.conselldeivissa.es\/#organization","name":"Artesania d&#039;Eivissa","url":"https:\/\/artesania.conselldeivissa.es\/","sameAs":[],"logo":{"@type":"ImageObject","inLanguage":"es","@id":"https:\/\/artesania.conselldeivissa.es\/#\/schema\/logo\/image\/","url":"https:\/\/artesania.conselldeivissa.es\/wp-content\/uploads\/2022\/08\/artesansnegro.png","contentUrl":"https:\/\/artesania.conselldeivissa.es\/wp-content\/uploads\/2022\/08\/artesansnegro.png","width":400,"height":97,"caption":"Artesania d&#039;Eivissa"},"image":{"@id":"https:\/\/artesania.conselldeivissa.es\/#\/schema\/logo\/image\/"}}]}},"_links":{"self":[{"href":"https:\/\/artesania.conselldeivissa.es\/es\/wp-json\/wp\/v2\/pages\/2376","targetHints":{"allow":["GET"]}}],"collection":[{"href":"https:\/\/artesania.conselldeivissa.es\/es\/wp-json\/wp\/v2\/pages"}],"about":[{"href":"https:\/\/artesania.conselldeivissa.es\/es\/wp-json\/wp\/v2\/types\/page"}],"author":[{"embeddable":true,"href":"https:\/\/artesania.conselldeivissa.es\/es\/wp-json\/wp\/v2\/users\/1"}],"replies":[{"embeddable":true,"href":"https:\/\/artesania.conselldeivissa.es\/es\/wp-json\/wp\/v2\/comments?post=2376"}],"version-history":[{"count":2,"href":"https:\/\/artesania.conselldeivissa.es\/es\/wp-json\/wp\/v2\/pages\/2376\/revisions"}],"predecessor-version":[{"id":8327,"href":"https:\/\/artesania.conselldeivissa.es\/es\/wp-json\/wp\/v2\/pages\/2376\/revisions\/8327"}],"wp:attachment":[{"href":"https:\/\/artesania.conselldeivissa.es\/es\/wp-json\/wp\/v2\/media?parent=2376"}],"curies":[{"name":"wp","href":"https:\/\/api.w.org\/{rel}","templated":true}]}}