{"id":541,"date":"2022-07-20T12:57:47","date_gmt":"2022-07-20T10:57:47","guid":{"rendered":"https:\/\/artesania.conselldeivissa.es\/?post_type=artesanos&#038;p=541"},"modified":"2022-08-16T13:12:00","modified_gmt":"2022-08-16T11:12:00","slug":"omar-gallizia","status":"publish","type":"artesanos","link":"https:\/\/artesania.conselldeivissa.es\/es\/artesanos\/omar-gallizia\/","title":{"rendered":"Omar Gallizia"},"content":{"rendered":"<p>[vc_row el_id=\u00bbfilartesano\u00bb][vc_column width=\u00bb1\/3&#8243;][vc_column_text]<div id=\"camposficha\"><div class=\"catag cat-ornamentacion\">Ornamentaci\u00f3n<\/div><h3>Omar Gallizia<\/h3><div class=\"ofi\">Bisutero\/a<\/div><a href=\"https:\/\/artesania.conselldeivissa.es\/es\/quienes-somos\/#acreditaciones\"><img decoding=\"async\" src=\"https:\/\/artesania.conselldeivissa.es\/wp-content\/themes\/laurits-child\/images\/artesa.png\" class=\"ico_dist\"><\/a><div class=\"prodart\"><p><strong>PRODUCTOS<\/strong><\/p><p>Complementos realizados con materiales reciclados.<\/p><\/div><div class=\"iconphone\"><a href=\"tel:+34681 900 340\" target=\"_blank\" class=\"\">681 900 340<\/a> \/ <a href=\"tel:+34676 094 265\" target=\"_blank\" >676 094 265<\/a><\/div><a href=\"https:\/\/wa.me\/+34681 900 340\" target=\"_blank\" class=\"campoficha iconwhatsapp\">681 900 340<\/a><a href=\"mailto:gallizia.handcraft@gmail.com\" target=\"_blank\" class=\"campoficha iconenvelope\">gallizia.handcraft@gmail.com<\/a><p class=\"titredes\"><strong>REDES SOCIALES<\/strong><\/p><a href=\"https:\/\/www.facebook.com\/GalliziaHandcraft\" target=\"_blank\" class=\"\" ><span class=\"fab fa-facebook-f\"><\/span><\/a><\/div>[\/vc_column_text][\/vc_column][vc_column width=\u00bb2\/3&#8243;][vc_column_text]Omar combina a la perfecci\u00f3n la artesan\u00eda y la bisuter\u00eda en sus creaciones. Complementos realizados con materiales reciclados como cuberter\u00eda o relojes antiguos, piedras y diferentes metales.[\/vc_column_text][vc_column_text]<strong>D\u00d3NDE ENCONTRAR SUS PRODUCTOS<\/strong><\/p>\n<div id=\"lugares_artesano\"><p><strong>Comercios y mercadillos<\/strong><\/p><a href=\"https:\/\/artesania.conselldeivissa.es\/es\/lugares\/mercado-hippy-de-las-dalias\/\" class=\"lugart\" target=\"_blank\">Mercado hippy de Las Dalias<\/a><a href=\"https:\/\/artesania.conselldeivissa.es\/es\/lugares\/mercado-hippy-de-punta-arabi\/\" class=\"lugart\" target=\"_blank\">Mercado hippy de Punta Arab\u00ed<\/a><\/div>[\/vc_column_text][\/vc_column][\/vc_row][vc_row][vc_column][vc_single_image image=\u00bb906&#8243; img_size=\u00bbfull\u00bb][\/vc_column][\/vc_row][vc_row][vc_column width=\u00bb1\/2&#8243;][vc_single_image image=\u00bb907&#8243; img_size=\u00bbfull\u00bb][\/vc_column][vc_column width=\u00bb1\/2&#8243;][vc_single_image image=\u00bb908&#8243; img_size=\u00bbfull\u00bb][\/vc_column][\/vc_row]<\/p>\n","protected":false},"excerpt":{"rendered":"<p>[vc_row el_id=\u00bbfilartesano\u00bb][vc_column width=\u00bb1\/3&#8243;][vc_column_text][\/vc_column_text][\/vc_column][vc_column width=\u00bb2\/3&#8243;][vc_column_text]Omar combina a la perfecci\u00f3n la artesan\u00eda y la bisuter\u00eda en sus creaciones. Complementos realizados con materiales reciclados como cuberter\u00eda o relojes antiguos, piedras y diferentes metales.[\/vc_column_text][vc_column_text]D\u00d3NDE [&hellip;]<\/p>\n","protected":false},"author":1,"featured_media":902,"template":"","meta":{"footnotes":""},"class_list":["post-541","artesanos","type-artesanos","status-publish","has-post-thumbnail","hentry","artesano-category-ornamentacion"],"acf":[],"yoast_head":"<!-- This site is optimized with the Yoast SEO plugin v19.6 - https:\/\/yoast.com\/wordpress\/plugins\/seo\/ -->\n<title>Omar Gallizia - Artesania d&#039;Eivissa<\/title>\n<meta name=\"robots\" content=\"index, follow, max-snippet:-1, max-image-preview:large, max-video-preview:-1\" \/>\n<link rel=\"canonical\" href=\"https:\/\/artesania.conselldeivissa.es\/es\/artesanos\/omar-gallizia\/\" \/>\n<meta property=\"og:locale\" content=\"es_ES\" \/>\n<meta property=\"og:type\" content=\"article\" \/>\n<meta property=\"og:title\" content=\"Omar Gallizia - Artesania d&#039;Eivissa\" \/>\n<meta property=\"og:description\" content=\"[vc_row el_id=\u00bbfilartesano\u00bb][vc_column width=\u00bb1\/3&#8243;][vc_column_text][\/vc_column_text][\/vc_column][vc_column width=\u00bb2\/3&#8243;][vc_column_text]Omar combina a la perfecci\u00f3n la artesan\u00eda y la bisuter\u00eda en sus creaciones. Complementos realizados con materiales reciclados como cuberter\u00eda o relojes antiguos, piedras y diferentes metales.[\/vc_column_text][vc_column_text]D\u00d3NDE [&hellip;]\" \/>\n<meta property=\"og:url\" content=\"https:\/\/artesania.conselldeivissa.es\/es\/artesanos\/omar-gallizia\/\" \/>\n<meta property=\"og:site_name\" content=\"Artesania d&#039;Eivissa\" \/>\n<meta property=\"article:modified_time\" content=\"2022-08-16T11:12:00+00:00\" \/>\n<meta property=\"og:image\" content=\"https:\/\/artesania.conselldeivissa.es\/wp-content\/uploads\/2022\/07\/54_Omar_Gallizia_perfil.jpg\" \/>\n\t<meta property=\"og:image:width\" content=\"380\" \/>\n\t<meta property=\"og:image:height\" content=\"400\" \/>\n\t<meta property=\"og:image:type\" content=\"image\/jpeg\" \/>\n<meta name=\"twitter:card\" content=\"summary_large_image\" \/>\n<meta name=\"twitter:label1\" content=\"Tiempo de lectura\" \/>\n\t<meta name=\"twitter:data1\" content=\"1 minuto\" \/>\n<script type=\"application\/ld+json\" class=\"yoast-schema-graph\">{\"@context\":\"https:\/\/schema.org\",\"@graph\":[{\"@type\":\"WebPage\",\"@id\":\"https:\/\/artesania.conselldeivissa.es\/es\/artesanos\/omar-gallizia\/\",\"url\":\"https:\/\/artesania.conselldeivissa.es\/es\/artesanos\/omar-gallizia\/\",\"name\":\"Omar Gallizia - Artesania d&#039;Eivissa\",\"isPartOf\":{\"@id\":\"https:\/\/artesania.conselldeivissa.es\/#website\"},\"datePublished\":\"2022-07-20T10:57:47+00:00\",\"dateModified\":\"2022-08-16T11:12:00+00:00\",\"breadcrumb\":{\"@id\":\"https:\/\/artesania.conselldeivissa.es\/es\/artesanos\/omar-gallizia\/#breadcrumb\"},\"inLanguage\":\"es\",\"potentialAction\":[{\"@type\":\"ReadAction\",\"target\":[\"https:\/\/artesania.conselldeivissa.es\/es\/artesanos\/omar-gallizia\/\"]}]},{\"@type\":\"BreadcrumbList\",\"@id\":\"https:\/\/artesania.conselldeivissa.es\/es\/artesanos\/omar-gallizia\/#breadcrumb\",\"itemListElement\":[{\"@type\":\"ListItem\",\"position\":1,\"name\":\"Portada\",\"item\":\"https:\/\/artesania.conselldeivissa.es\/es\/\"},{\"@type\":\"ListItem\",\"position\":2,\"name\":\"Artesanos\",\"item\":\"https:\/\/artesania.conselldeivissa.es\/artesanos\/\"},{\"@type\":\"ListItem\",\"position\":3,\"name\":\"Omar Gallizia\"}]},{\"@type\":\"WebSite\",\"@id\":\"https:\/\/artesania.conselldeivissa.es\/#website\",\"url\":\"https:\/\/artesania.conselldeivissa.es\/\",\"name\":\"Artesania d&#039;Eivissa\",\"description\":\"Artesanes i artesans d&#039;Eivisssa\",\"publisher\":{\"@id\":\"https:\/\/artesania.conselldeivissa.es\/#organization\"},\"potentialAction\":[{\"@type\":\"SearchAction\",\"target\":{\"@type\":\"EntryPoint\",\"urlTemplate\":\"https:\/\/artesania.conselldeivissa.es\/?s={search_term_string}\"},\"query-input\":\"required name=search_term_string\"}],\"inLanguage\":\"es\"},{\"@type\":\"Organization\",\"@id\":\"https:\/\/artesania.conselldeivissa.es\/#organization\",\"name\":\"Artesania d&#039;Eivissa\",\"url\":\"https:\/\/artesania.conselldeivissa.es\/\",\"sameAs\":[],\"logo\":{\"@type\":\"ImageObject\",\"inLanguage\":\"es\",\"@id\":\"https:\/\/artesania.conselldeivissa.es\/#\/schema\/logo\/image\/\",\"url\":\"https:\/\/artesania.conselldeivissa.es\/wp-content\/uploads\/2022\/08\/artesansnegro.png\",\"contentUrl\":\"https:\/\/artesania.conselldeivissa.es\/wp-content\/uploads\/2022\/08\/artesansnegro.png\",\"width\":400,\"height\":97,\"caption\":\"Artesania d&#039;Eivissa\"},\"image\":{\"@id\":\"https:\/\/artesania.conselldeivissa.es\/#\/schema\/logo\/image\/\"}}]}<\/script>\n<!-- \/ Yoast SEO plugin. -->","yoast_head_json":{"title":"Omar Gallizia - Artesania d&#039;Eivissa","robots":{"index":"index","follow":"follow","max-snippet":"max-snippet:-1","max-image-preview":"max-image-preview:large","max-video-preview":"max-video-preview:-1"},"canonical":"https:\/\/artesania.conselldeivissa.es\/es\/artesanos\/omar-gallizia\/","og_locale":"es_ES","og_type":"article","og_title":"Omar Gallizia - Artesania d&#039;Eivissa","og_description":"[vc_row el_id=\u00bbfilartesano\u00bb][vc_column width=\u00bb1\/3&#8243;][vc_column_text][\/vc_column_text][\/vc_column][vc_column width=\u00bb2\/3&#8243;][vc_column_text]Omar combina a la perfecci\u00f3n la artesan\u00eda y la bisuter\u00eda en sus creaciones. Complementos realizados con materiales reciclados como cuberter\u00eda o relojes antiguos, piedras y diferentes metales.[\/vc_column_text][vc_column_text]D\u00d3NDE [&hellip;]","og_url":"https:\/\/artesania.conselldeivissa.es\/es\/artesanos\/omar-gallizia\/","og_site_name":"Artesania d&#039;Eivissa","article_modified_time":"2022-08-16T11:12:00+00:00","og_image":[{"width":380,"height":400,"url":"https:\/\/artesania.conselldeivissa.es\/wp-content\/uploads\/2022\/07\/54_Omar_Gallizia_perfil.jpg","type":"image\/jpeg"}],"twitter_card":"summary_large_image","twitter_misc":{"Tiempo de lectura":"1 minuto"},"schema":{"@context":"https:\/\/schema.org","@graph":[{"@type":"WebPage","@id":"https:\/\/artesania.conselldeivissa.es\/es\/artesanos\/omar-gallizia\/","url":"https:\/\/artesania.conselldeivissa.es\/es\/artesanos\/omar-gallizia\/","name":"Omar Gallizia - Artesania d&#039;Eivissa","isPartOf":{"@id":"https:\/\/artesania.conselldeivissa.es\/#website"},"datePublished":"2022-07-20T10:57:47+00:00","dateModified":"2022-08-16T11:12:00+00:00","breadcrumb":{"@id":"https:\/\/artesania.conselldeivissa.es\/es\/artesanos\/omar-gallizia\/#breadcrumb"},"inLanguage":"es","potentialAction":[{"@type":"ReadAction","target":["https:\/\/artesania.conselldeivissa.es\/es\/artesanos\/omar-gallizia\/"]}]},{"@type":"BreadcrumbList","@id":"https:\/\/artesania.conselldeivissa.es\/es\/artesanos\/omar-gallizia\/#breadcrumb","itemListElement":[{"@type":"ListItem","position":1,"name":"Portada","item":"https:\/\/artesania.conselldeivissa.es\/es\/"},{"@type":"ListItem","position":2,"name":"Artesanos","item":"https:\/\/artesania.conselldeivissa.es\/artesanos\/"},{"@type":"ListItem","position":3,"name":"Omar Gallizia"}]},{"@type":"WebSite","@id":"https:\/\/artesania.conselldeivissa.es\/#website","url":"https:\/\/artesania.conselldeivissa.es\/","name":"Artesania d&#039;Eivissa","description":"Artesanes i artesans d&#039;Eivisssa","publisher":{"@id":"https:\/\/artesania.conselldeivissa.es\/#organization"},"potentialAction":[{"@type":"SearchAction","target":{"@type":"EntryPoint","urlTemplate":"https:\/\/artesania.conselldeivissa.es\/?s={search_term_string}"},"query-input":"required name=search_term_string"}],"inLanguage":"es"},{"@type":"Organization","@id":"https:\/\/artesania.conselldeivissa.es\/#organization","name":"Artesania d&#039;Eivissa","url":"https:\/\/artesania.conselldeivissa.es\/","sameAs":[],"logo":{"@type":"ImageObject","inLanguage":"es","@id":"https:\/\/artesania.conselldeivissa.es\/#\/schema\/logo\/image\/","url":"https:\/\/artesania.conselldeivissa.es\/wp-content\/uploads\/2022\/08\/artesansnegro.png","contentUrl":"https:\/\/artesania.conselldeivissa.es\/wp-content\/uploads\/2022\/08\/artesansnegro.png","width":400,"height":97,"caption":"Artesania d&#039;Eivissa"},"image":{"@id":"https:\/\/artesania.conselldeivissa.es\/#\/schema\/logo\/image\/"}}]}},"_links":{"self":[{"href":"https:\/\/artesania.conselldeivissa.es\/es\/wp-json\/wp\/v2\/artesanos\/541","targetHints":{"allow":["GET"]}}],"collection":[{"href":"https:\/\/artesania.conselldeivissa.es\/es\/wp-json\/wp\/v2\/artesanos"}],"about":[{"href":"https:\/\/artesania.conselldeivissa.es\/es\/wp-json\/wp\/v2\/types\/artesanos"}],"author":[{"embeddable":true,"href":"https:\/\/artesania.conselldeivissa.es\/es\/wp-json\/wp\/v2\/users\/1"}],"version-history":[{"count":0,"href":"https:\/\/artesania.conselldeivissa.es\/es\/wp-json\/wp\/v2\/artesanos\/541\/revisions"}],"wp:featuredmedia":[{"embeddable":true,"href":"https:\/\/artesania.conselldeivissa.es\/es\/wp-json\/wp\/v2\/media\/902"}],"wp:attachment":[{"href":"https:\/\/artesania.conselldeivissa.es\/es\/wp-json\/wp\/v2\/media?parent=541"}],"curies":[{"name":"wp","href":"https:\/\/api.w.org\/{rel}","templated":true}]}}