{"id":339,"date":"2022-06-14T13:25:56","date_gmt":"2022-06-14T11:25:56","guid":{"rendered":"https:\/\/artesania.conselldeivissa.es\/?post_type=artesanos&#038;p=339"},"modified":"2022-08-16T13:14:11","modified_gmt":"2022-08-16T11:14:11","slug":"vicent-mari-torres","status":"publish","type":"artesanos","link":"https:\/\/artesania.conselldeivissa.es\/es\/artesanos\/vicent-mari-torres\/","title":{"rendered":"Vicent Mar\u00ed Torres"},"content":{"rendered":"<p>[vc_row el_id=\u00bbfilartesano\u00bb][vc_column width=\u00bb1\/3&#8243;][vc_column_text]<div id=\"camposficha\"><div class=\"catag cat-alimentacion\">Alimentaci\u00f3n<\/div><h3>Vicent Mar\u00ed Torres<\/h3><div class=\"ofi\">Apicultor\/a<\/div><a href=\"https:\/\/artesania.conselldeivissa.es\/es\/quienes-somos\/#acreditaciones\"><img decoding=\"async\" src=\"https:\/\/artesania.conselldeivissa.es\/wp-content\/themes\/laurits-child\/images\/artesa.png\" class=\"ico_dist\"><\/a><div class=\"prodart\"><p><strong>PRODUCTOS<\/strong><\/p><p>Miel, Polen y prop\u00f3leo.\r\n<\/p><\/div><div class=\"iconphone\"><a href=\"tel:+34+34617443045\" target=\"_blank\" class=\"\">+34617443045<\/a> \/ <a href=\"tel:+34+34678646092\" target=\"_blank\" >+34678646092<\/a><\/div><a href=\"https:\/\/wa.me\/+34+34617443045\" target=\"_blank\" class=\"campoficha iconwhatsapp\">+34617443045<\/a><a href=\"mailto:vmaritorres@gmail.com\" target=\"_blank\" class=\"campoficha iconenvelope\">vmaritorres@gmail.com<\/a><p class=\"titredes\"><strong>REDES SOCIALES<\/strong><\/p><a href=\"https:\/\/www.instagram.com\/meldecanmari\/\" target=\"_blank\" class=\"\"><span class=\"fab fa-instagram\"><\/span><\/a><img decoding=\"async\" class=\"logo_artesano\" src=\"https:\/\/artesania.conselldeivissa.es\/wp-content\/uploads\/2022\/06\/141_Vicent_Mari\u0301_logo.png\"><\/div>[\/vc_column_text][\/vc_column][vc_column width=\u00bb2\/3&#8243;][vc_column_text]Marca que nace con vocaci\u00f3n identificadora del aut\u00e9ntico y verdadero sabor de la Miel de Ibiza.<\/p>\n<p>Se realizan tres cosechas, a saber, la de primavera, cuya floraci\u00f3n dominante son los c\u00edtricos y el almendro, la de verano, que viene a recoger la floraci\u00f3n del tomillo y, finalmente, la de oto\u00f1o que recoge la de brezo y algarrobo.<\/p>\n<p>Todas ellas con un color, olor, sabor y viscosidad que viene caracterizada por la floraci\u00f3n de la temporada.[\/vc_column_text][vc_column_text]<strong>D\u00d3NDE ENCONTRAR SUS PRODUCTOS<\/strong><\/p>\n<p>En el comercio tradicional de proximidad de la Isla de Eivissa[\/vc_column_text][\/vc_column][\/vc_row][vc_row][vc_column width=\u00bb1\/2&#8243;][vc_single_image image=\u00bb1497&#8243; img_size=\u00bbfull\u00bb][\/vc_column][vc_column width=\u00bb1\/2&#8243;][vc_single_image image=\u00bb1498&#8243; img_size=\u00bbfull\u00bb][\/vc_column][\/vc_row]<\/p>\n","protected":false},"excerpt":{"rendered":"<p>[vc_row el_id=\u00bbfilartesano\u00bb][vc_column width=\u00bb1\/3&#8243;][vc_column_text][\/vc_column_text][\/vc_column][vc_column width=\u00bb2\/3&#8243;][vc_column_text]Marca que nace con vocaci\u00f3n identificadora del aut\u00e9ntico y verdadero sabor de la Miel de Ibiza. Se realizan tres cosechas, a saber, la de primavera, cuya floraci\u00f3n [&hellip;]<\/p>\n","protected":false},"author":1,"featured_media":1491,"template":"","meta":{"footnotes":""},"class_list":["post-339","artesanos","type-artesanos","status-publish","has-post-thumbnail","hentry","artesano-category-alimentacion"],"acf":[],"yoast_head":"<!-- This site is optimized with the Yoast SEO plugin v19.6 - https:\/\/yoast.com\/wordpress\/plugins\/seo\/ -->\n<title>Vicent Mar\u00ed Torres - Artesania d&#039;Eivissa<\/title>\n<meta name=\"robots\" content=\"index, follow, max-snippet:-1, max-image-preview:large, max-video-preview:-1\" \/>\n<link rel=\"canonical\" href=\"https:\/\/artesania.conselldeivissa.es\/es\/artesanos\/vicent-mari-torres\/\" \/>\n<meta property=\"og:locale\" content=\"es_ES\" \/>\n<meta property=\"og:type\" content=\"article\" \/>\n<meta property=\"og:title\" content=\"Vicent Mar\u00ed Torres - Artesania d&#039;Eivissa\" \/>\n<meta property=\"og:description\" content=\"[vc_row el_id=\u00bbfilartesano\u00bb][vc_column width=\u00bb1\/3&#8243;][vc_column_text][\/vc_column_text][\/vc_column][vc_column width=\u00bb2\/3&#8243;][vc_column_text]Marca que nace con vocaci\u00f3n identificadora del aut\u00e9ntico y verdadero sabor de la Miel de Ibiza. Se realizan tres cosechas, a saber, la de primavera, cuya floraci\u00f3n [&hellip;]\" \/>\n<meta property=\"og:url\" content=\"https:\/\/artesania.conselldeivissa.es\/es\/artesanos\/vicent-mari-torres\/\" \/>\n<meta property=\"og:site_name\" content=\"Artesania d&#039;Eivissa\" \/>\n<meta property=\"article:modified_time\" content=\"2022-08-16T11:14:11+00:00\" \/>\n<meta property=\"og:image\" content=\"https:\/\/artesania.conselldeivissa.es\/wp-content\/uploads\/2022\/06\/141_Vicent_Mari\u0301_perfil.jpg\" \/>\n\t<meta property=\"og:image:width\" content=\"380\" \/>\n\t<meta property=\"og:image:height\" content=\"400\" \/>\n\t<meta property=\"og:image:type\" content=\"image\/jpeg\" \/>\n<meta name=\"twitter:card\" content=\"summary_large_image\" \/>\n<meta name=\"twitter:label1\" content=\"Tiempo de lectura\" \/>\n\t<meta name=\"twitter:data1\" content=\"1 minuto\" \/>\n<script type=\"application\/ld+json\" class=\"yoast-schema-graph\">{\"@context\":\"https:\/\/schema.org\",\"@graph\":[{\"@type\":\"WebPage\",\"@id\":\"https:\/\/artesania.conselldeivissa.es\/es\/artesanos\/vicent-mari-torres\/\",\"url\":\"https:\/\/artesania.conselldeivissa.es\/es\/artesanos\/vicent-mari-torres\/\",\"name\":\"Vicent Mar\u00ed Torres - Artesania d&#039;Eivissa\",\"isPartOf\":{\"@id\":\"https:\/\/artesania.conselldeivissa.es\/#website\"},\"datePublished\":\"2022-06-14T11:25:56+00:00\",\"dateModified\":\"2022-08-16T11:14:11+00:00\",\"breadcrumb\":{\"@id\":\"https:\/\/artesania.conselldeivissa.es\/es\/artesanos\/vicent-mari-torres\/#breadcrumb\"},\"inLanguage\":\"es\",\"potentialAction\":[{\"@type\":\"ReadAction\",\"target\":[\"https:\/\/artesania.conselldeivissa.es\/es\/artesanos\/vicent-mari-torres\/\"]}]},{\"@type\":\"BreadcrumbList\",\"@id\":\"https:\/\/artesania.conselldeivissa.es\/es\/artesanos\/vicent-mari-torres\/#breadcrumb\",\"itemListElement\":[{\"@type\":\"ListItem\",\"position\":1,\"name\":\"Portada\",\"item\":\"https:\/\/artesania.conselldeivissa.es\/es\/\"},{\"@type\":\"ListItem\",\"position\":2,\"name\":\"Artesanos\",\"item\":\"https:\/\/artesania.conselldeivissa.es\/artesanos\/\"},{\"@type\":\"ListItem\",\"position\":3,\"name\":\"Vicent Mar\u00ed Torres\"}]},{\"@type\":\"WebSite\",\"@id\":\"https:\/\/artesania.conselldeivissa.es\/#website\",\"url\":\"https:\/\/artesania.conselldeivissa.es\/\",\"name\":\"Artesania d&#039;Eivissa\",\"description\":\"Artesanes i artesans d&#039;Eivisssa\",\"publisher\":{\"@id\":\"https:\/\/artesania.conselldeivissa.es\/#organization\"},\"potentialAction\":[{\"@type\":\"SearchAction\",\"target\":{\"@type\":\"EntryPoint\",\"urlTemplate\":\"https:\/\/artesania.conselldeivissa.es\/?s={search_term_string}\"},\"query-input\":\"required name=search_term_string\"}],\"inLanguage\":\"es\"},{\"@type\":\"Organization\",\"@id\":\"https:\/\/artesania.conselldeivissa.es\/#organization\",\"name\":\"Artesania d&#039;Eivissa\",\"url\":\"https:\/\/artesania.conselldeivissa.es\/\",\"sameAs\":[],\"logo\":{\"@type\":\"ImageObject\",\"inLanguage\":\"es\",\"@id\":\"https:\/\/artesania.conselldeivissa.es\/#\/schema\/logo\/image\/\",\"url\":\"https:\/\/artesania.conselldeivissa.es\/wp-content\/uploads\/2022\/08\/artesansnegro.png\",\"contentUrl\":\"https:\/\/artesania.conselldeivissa.es\/wp-content\/uploads\/2022\/08\/artesansnegro.png\",\"width\":400,\"height\":97,\"caption\":\"Artesania d&#039;Eivissa\"},\"image\":{\"@id\":\"https:\/\/artesania.conselldeivissa.es\/#\/schema\/logo\/image\/\"}}]}<\/script>\n<!-- \/ Yoast SEO plugin. -->","yoast_head_json":{"title":"Vicent Mar\u00ed Torres - Artesania d&#039;Eivissa","robots":{"index":"index","follow":"follow","max-snippet":"max-snippet:-1","max-image-preview":"max-image-preview:large","max-video-preview":"max-video-preview:-1"},"canonical":"https:\/\/artesania.conselldeivissa.es\/es\/artesanos\/vicent-mari-torres\/","og_locale":"es_ES","og_type":"article","og_title":"Vicent Mar\u00ed Torres - Artesania d&#039;Eivissa","og_description":"[vc_row el_id=\u00bbfilartesano\u00bb][vc_column width=\u00bb1\/3&#8243;][vc_column_text][\/vc_column_text][\/vc_column][vc_column width=\u00bb2\/3&#8243;][vc_column_text]Marca que nace con vocaci\u00f3n identificadora del aut\u00e9ntico y verdadero sabor de la Miel de Ibiza. Se realizan tres cosechas, a saber, la de primavera, cuya floraci\u00f3n [&hellip;]","og_url":"https:\/\/artesania.conselldeivissa.es\/es\/artesanos\/vicent-mari-torres\/","og_site_name":"Artesania d&#039;Eivissa","article_modified_time":"2022-08-16T11:14:11+00:00","og_image":[{"width":380,"height":400,"url":"https:\/\/artesania.conselldeivissa.es\/wp-content\/uploads\/2022\/06\/141_Vicent_Mari\u0301_perfil.jpg","type":"image\/jpeg"}],"twitter_card":"summary_large_image","twitter_misc":{"Tiempo de lectura":"1 minuto"},"schema":{"@context":"https:\/\/schema.org","@graph":[{"@type":"WebPage","@id":"https:\/\/artesania.conselldeivissa.es\/es\/artesanos\/vicent-mari-torres\/","url":"https:\/\/artesania.conselldeivissa.es\/es\/artesanos\/vicent-mari-torres\/","name":"Vicent Mar\u00ed Torres - Artesania d&#039;Eivissa","isPartOf":{"@id":"https:\/\/artesania.conselldeivissa.es\/#website"},"datePublished":"2022-06-14T11:25:56+00:00","dateModified":"2022-08-16T11:14:11+00:00","breadcrumb":{"@id":"https:\/\/artesania.conselldeivissa.es\/es\/artesanos\/vicent-mari-torres\/#breadcrumb"},"inLanguage":"es","potentialAction":[{"@type":"ReadAction","target":["https:\/\/artesania.conselldeivissa.es\/es\/artesanos\/vicent-mari-torres\/"]}]},{"@type":"BreadcrumbList","@id":"https:\/\/artesania.conselldeivissa.es\/es\/artesanos\/vicent-mari-torres\/#breadcrumb","itemListElement":[{"@type":"ListItem","position":1,"name":"Portada","item":"https:\/\/artesania.conselldeivissa.es\/es\/"},{"@type":"ListItem","position":2,"name":"Artesanos","item":"https:\/\/artesania.conselldeivissa.es\/artesanos\/"},{"@type":"ListItem","position":3,"name":"Vicent Mar\u00ed Torres"}]},{"@type":"WebSite","@id":"https:\/\/artesania.conselldeivissa.es\/#website","url":"https:\/\/artesania.conselldeivissa.es\/","name":"Artesania d&#039;Eivissa","description":"Artesanes i artesans d&#039;Eivisssa","publisher":{"@id":"https:\/\/artesania.conselldeivissa.es\/#organization"},"potentialAction":[{"@type":"SearchAction","target":{"@type":"EntryPoint","urlTemplate":"https:\/\/artesania.conselldeivissa.es\/?s={search_term_string}"},"query-input":"required name=search_term_string"}],"inLanguage":"es"},{"@type":"Organization","@id":"https:\/\/artesania.conselldeivissa.es\/#organization","name":"Artesania d&#039;Eivissa","url":"https:\/\/artesania.conselldeivissa.es\/","sameAs":[],"logo":{"@type":"ImageObject","inLanguage":"es","@id":"https:\/\/artesania.conselldeivissa.es\/#\/schema\/logo\/image\/","url":"https:\/\/artesania.conselldeivissa.es\/wp-content\/uploads\/2022\/08\/artesansnegro.png","contentUrl":"https:\/\/artesania.conselldeivissa.es\/wp-content\/uploads\/2022\/08\/artesansnegro.png","width":400,"height":97,"caption":"Artesania d&#039;Eivissa"},"image":{"@id":"https:\/\/artesania.conselldeivissa.es\/#\/schema\/logo\/image\/"}}]}},"_links":{"self":[{"href":"https:\/\/artesania.conselldeivissa.es\/es\/wp-json\/wp\/v2\/artesanos\/339","targetHints":{"allow":["GET"]}}],"collection":[{"href":"https:\/\/artesania.conselldeivissa.es\/es\/wp-json\/wp\/v2\/artesanos"}],"about":[{"href":"https:\/\/artesania.conselldeivissa.es\/es\/wp-json\/wp\/v2\/types\/artesanos"}],"author":[{"embeddable":true,"href":"https:\/\/artesania.conselldeivissa.es\/es\/wp-json\/wp\/v2\/users\/1"}],"version-history":[{"count":0,"href":"https:\/\/artesania.conselldeivissa.es\/es\/wp-json\/wp\/v2\/artesanos\/339\/revisions"}],"wp:featuredmedia":[{"embeddable":true,"href":"https:\/\/artesania.conselldeivissa.es\/es\/wp-json\/wp\/v2\/media\/1491"}],"wp:attachment":[{"href":"https:\/\/artesania.conselldeivissa.es\/es\/wp-json\/wp\/v2\/media?parent=339"}],"curies":[{"name":"wp","href":"https:\/\/api.w.org\/{rel}","templated":true}]}}