{"id":324,"date":"2022-06-14T12:41:15","date_gmt":"2022-06-14T10:41:15","guid":{"rendered":"https:\/\/artesania.conselldeivissa.es\/?post_type=artesanos&#038;p=324"},"modified":"2022-08-17T14:27:31","modified_gmt":"2022-08-17T12:27:31","slug":"carlota-berni-quiroga","status":"publish","type":"artesanos","link":"https:\/\/artesania.conselldeivissa.es\/es\/artesanos\/carlota-berni-quiroga\/","title":{"rendered":"Carlota Berni Quiroga"},"content":{"rendered":"<p>[vc_row el_id=\u00bbfilartesano\u00bb][vc_column width=\u00bb1\/3&#8243;][vc_column_text]<div id=\"camposficha\"><div class=\"catag cat-artes-plasticas\">Artes pl\u00e1sticas<\/div><h3>Carlota Berni Quiroga<\/h3><div class=\"ofi\">Pintor\/a<\/div><a href=\"https:\/\/artesania.conselldeivissa.es\/es\/quienes-somos\/#acreditaciones\"><img decoding=\"async\" src=\"https:\/\/artesania.conselldeivissa.es\/wp-content\/themes\/laurits-child\/images\/artesa.png\" class=\"ico_dist\"><\/a><div class=\"prodart\"><p><strong>PRODUCTOS<\/strong><\/p><p>Pinturas en peque\u00f1o formato y abanicos de madera y algod\u00f3n que pinta ella misma a mano.\r\n<\/p><\/div><div class=\"iconphone\"><a href=\"tel:+34+34971335519\" target=\"_blank\" class=\"\">+34971335519<\/a> \/ <a href=\"tel:+34+34686521681\" target=\"_blank\" >+34686521681<\/a><\/div><a href=\"https:\/\/wa.me\/+34+34686521681\" target=\"_blank\" class=\"campoficha iconwhatsapp\">+34686521681<\/a><a href=\"mailto:carlotaabanicos@gmail.com\" target=\"_blank\" class=\"campoficha iconenvelope\">carlotaabanicos@gmail.com<\/a><\/div>[\/vc_column_text][\/vc_column][vc_column width=\u00bb2\/3&#8243;][vc_column_text]Carlota naci\u00f3 en Tigre, Buenos Aires y estudi\u00f3 magisterio y bellas artes, donde hizo sus primeras exposiciones de pintura.<\/p>\n<p>A lo largo de los a\u00f1os aprendi\u00f3 tambi\u00e9n distintas t\u00e9cnicas de pintura sobre seda, batik, acuartelado, etc, que utiliz\u00f3 durante muchos a\u00f1os en dise\u00f1o textil para moda.[\/vc_column_text][vc_column_text]<strong>D\u00d3NDE ENCONTRAR SUS PRODUCTOS<\/strong><\/p>\n<div id=\"lugares_artesano\"><p><strong>Comercios y mercadillos<\/strong><\/p><a href=\"https:\/\/artesania.conselldeivissa.es\/es\/lugares\/mercado-ecologico-local-y-de-artesania-de-sant-josep-de-sa-talaia\/\" class=\"lugart\" target=\"_blank\">Mercado ecol\u00f3gico, local y de artesan\u00eda de Sant Josep de sa Talaia<\/a><a href=\"https:\/\/artesania.conselldeivissa.es\/es\/lugares\/mercado-de-artesania-de-santa-gertrudis\/\" class=\"lugart\" target=\"_blank\">Mercado de artesan\u00eda de Santa Gertrudis<\/a><a href=\"https:\/\/artesania.conselldeivissa.es\/es\/lugares\/feria-artesanal-viu-lartesania-en-el-puerto-de-ibiza\/\" class=\"lugart\" target=\"_blank\">Feria artesanal &#8216;Viu l&#8217;Artesania&#8217; en el Puerto de Ibiza<\/a><a href=\"https:\/\/artesania.conselldeivissa.es\/es\/lugares\/fira-de-tardor-en-el-puerto-de-ibiza\/\" class=\"lugart\" target=\"_blank\">Fira de Tardor en el Puerto de Ibiza<\/a><\/div>[\/vc_column_text][\/vc_column][\/vc_row][vc_row][vc_column width=\u00bb1\/2&#8243;][vc_single_image image=\u00bb603&#8243; img_size=\u00bbfull\u00bb][\/vc_column][vc_column width=\u00bb1\/2&#8243;][vc_single_image image=\u00bb604&#8243; img_size=\u00bbfull\u00bb][\/vc_column][\/vc_row]<\/p>\n","protected":false},"excerpt":{"rendered":"<p>[vc_row el_id=\u00bbfilartesano\u00bb][vc_column width=\u00bb1\/3&#8243;][vc_column_text][\/vc_column_text][\/vc_column][vc_column width=\u00bb2\/3&#8243;][vc_column_text]Carlota naci\u00f3 en Tigre, Buenos Aires y estudi\u00f3 magisterio y bellas artes, donde hizo sus primeras exposiciones de pintura. A lo largo de los a\u00f1os aprendi\u00f3 tambi\u00e9n [&hellip;]<\/p>\n","protected":false},"author":1,"featured_media":598,"template":"","meta":{"footnotes":""},"class_list":["post-324","artesanos","type-artesanos","status-publish","has-post-thumbnail","hentry","artesano-category-artes-plasticas"],"acf":[],"yoast_head":"<!-- This site is optimized with the Yoast SEO plugin v19.6 - https:\/\/yoast.com\/wordpress\/plugins\/seo\/ -->\n<title>Carlota Berni Quiroga - Artesania d&#039;Eivissa<\/title>\n<meta name=\"robots\" content=\"index, follow, max-snippet:-1, max-image-preview:large, max-video-preview:-1\" \/>\n<link rel=\"canonical\" href=\"https:\/\/artesania.conselldeivissa.es\/artesanos\/carlota-berni-quiroga\/\" \/>\n<meta property=\"og:locale\" content=\"es_ES\" \/>\n<meta property=\"og:type\" content=\"article\" \/>\n<meta property=\"og:title\" content=\"Carlota Berni Quiroga - Artesania d&#039;Eivissa\" \/>\n<meta property=\"og:description\" content=\"[vc_row el_id=\u00bbfilartesano\u00bb][vc_column width=\u00bb1\/3&#8243;][vc_column_text][\/vc_column_text][\/vc_column][vc_column width=\u00bb2\/3&#8243;][vc_column_text]Carlota naci\u00f3 en Tigre, Buenos Aires y estudi\u00f3 magisterio y bellas artes, donde hizo sus primeras exposiciones de pintura. A lo largo de los a\u00f1os aprendi\u00f3 tambi\u00e9n [&hellip;]\" \/>\n<meta property=\"og:url\" content=\"https:\/\/artesania.conselldeivissa.es\/artesanos\/carlota-berni-quiroga\/\" \/>\n<meta property=\"og:site_name\" content=\"Artesania d&#039;Eivissa\" \/>\n<meta property=\"article:modified_time\" content=\"2022-08-17T12:27:31+00:00\" \/>\n<meta property=\"og:image\" content=\"https:\/\/artesania.conselldeivissa.es\/wp-content\/uploads\/2022\/06\/37_Carlota_Berni_Quiroga_perfil.jpg\" \/>\n\t<meta property=\"og:image:width\" content=\"380\" \/>\n\t<meta property=\"og:image:height\" content=\"400\" \/>\n\t<meta property=\"og:image:type\" content=\"image\/jpeg\" \/>\n<meta name=\"twitter:card\" content=\"summary_large_image\" \/>\n<meta name=\"twitter:label1\" content=\"Tiempo de lectura\" \/>\n\t<meta name=\"twitter:data1\" content=\"1 minuto\" \/>\n<script type=\"application\/ld+json\" class=\"yoast-schema-graph\">{\"@context\":\"https:\/\/schema.org\",\"@graph\":[{\"@type\":\"WebPage\",\"@id\":\"https:\/\/artesania.conselldeivissa.es\/artesanos\/carlota-berni-quiroga\/\",\"url\":\"https:\/\/artesania.conselldeivissa.es\/artesanos\/carlota-berni-quiroga\/\",\"name\":\"Carlota Berni Quiroga - Artesania d&#039;Eivissa\",\"isPartOf\":{\"@id\":\"https:\/\/artesania.conselldeivissa.es\/#website\"},\"datePublished\":\"2022-06-14T10:41:15+00:00\",\"dateModified\":\"2022-08-17T12:27:31+00:00\",\"breadcrumb\":{\"@id\":\"https:\/\/artesania.conselldeivissa.es\/artesanos\/carlota-berni-quiroga\/#breadcrumb\"},\"inLanguage\":\"es\",\"potentialAction\":[{\"@type\":\"ReadAction\",\"target\":[\"https:\/\/artesania.conselldeivissa.es\/artesanos\/carlota-berni-quiroga\/\"]}]},{\"@type\":\"BreadcrumbList\",\"@id\":\"https:\/\/artesania.conselldeivissa.es\/artesanos\/carlota-berni-quiroga\/#breadcrumb\",\"itemListElement\":[{\"@type\":\"ListItem\",\"position\":1,\"name\":\"Portada\",\"item\":\"https:\/\/artesania.conselldeivissa.es\/es\/\"},{\"@type\":\"ListItem\",\"position\":2,\"name\":\"Artesanos\",\"item\":\"https:\/\/artesania.conselldeivissa.es\/artesanos\/\"},{\"@type\":\"ListItem\",\"position\":3,\"name\":\"Carlota Berni Quiroga\"}]},{\"@type\":\"WebSite\",\"@id\":\"https:\/\/artesania.conselldeivissa.es\/#website\",\"url\":\"https:\/\/artesania.conselldeivissa.es\/\",\"name\":\"Artesania d&#039;Eivissa\",\"description\":\"Artesanes i artesans d&#039;Eivisssa\",\"publisher\":{\"@id\":\"https:\/\/artesania.conselldeivissa.es\/#organization\"},\"potentialAction\":[{\"@type\":\"SearchAction\",\"target\":{\"@type\":\"EntryPoint\",\"urlTemplate\":\"https:\/\/artesania.conselldeivissa.es\/?s={search_term_string}\"},\"query-input\":\"required name=search_term_string\"}],\"inLanguage\":\"es\"},{\"@type\":\"Organization\",\"@id\":\"https:\/\/artesania.conselldeivissa.es\/#organization\",\"name\":\"Artesania d&#039;Eivissa\",\"url\":\"https:\/\/artesania.conselldeivissa.es\/\",\"sameAs\":[],\"logo\":{\"@type\":\"ImageObject\",\"inLanguage\":\"es\",\"@id\":\"https:\/\/artesania.conselldeivissa.es\/#\/schema\/logo\/image\/\",\"url\":\"https:\/\/artesania.conselldeivissa.es\/wp-content\/uploads\/2022\/08\/artesansnegro.png\",\"contentUrl\":\"https:\/\/artesania.conselldeivissa.es\/wp-content\/uploads\/2022\/08\/artesansnegro.png\",\"width\":400,\"height\":97,\"caption\":\"Artesania d&#039;Eivissa\"},\"image\":{\"@id\":\"https:\/\/artesania.conselldeivissa.es\/#\/schema\/logo\/image\/\"}}]}<\/script>\n<!-- \/ Yoast SEO plugin. -->","yoast_head_json":{"title":"Carlota Berni Quiroga - Artesania d&#039;Eivissa","robots":{"index":"index","follow":"follow","max-snippet":"max-snippet:-1","max-image-preview":"max-image-preview:large","max-video-preview":"max-video-preview:-1"},"canonical":"https:\/\/artesania.conselldeivissa.es\/artesanos\/carlota-berni-quiroga\/","og_locale":"es_ES","og_type":"article","og_title":"Carlota Berni Quiroga - Artesania d&#039;Eivissa","og_description":"[vc_row el_id=\u00bbfilartesano\u00bb][vc_column width=\u00bb1\/3&#8243;][vc_column_text][\/vc_column_text][\/vc_column][vc_column width=\u00bb2\/3&#8243;][vc_column_text]Carlota naci\u00f3 en Tigre, Buenos Aires y estudi\u00f3 magisterio y bellas artes, donde hizo sus primeras exposiciones de pintura. A lo largo de los a\u00f1os aprendi\u00f3 tambi\u00e9n [&hellip;]","og_url":"https:\/\/artesania.conselldeivissa.es\/artesanos\/carlota-berni-quiroga\/","og_site_name":"Artesania d&#039;Eivissa","article_modified_time":"2022-08-17T12:27:31+00:00","og_image":[{"width":380,"height":400,"url":"https:\/\/artesania.conselldeivissa.es\/wp-content\/uploads\/2022\/06\/37_Carlota_Berni_Quiroga_perfil.jpg","type":"image\/jpeg"}],"twitter_card":"summary_large_image","twitter_misc":{"Tiempo de lectura":"1 minuto"},"schema":{"@context":"https:\/\/schema.org","@graph":[{"@type":"WebPage","@id":"https:\/\/artesania.conselldeivissa.es\/artesanos\/carlota-berni-quiroga\/","url":"https:\/\/artesania.conselldeivissa.es\/artesanos\/carlota-berni-quiroga\/","name":"Carlota Berni Quiroga - Artesania d&#039;Eivissa","isPartOf":{"@id":"https:\/\/artesania.conselldeivissa.es\/#website"},"datePublished":"2022-06-14T10:41:15+00:00","dateModified":"2022-08-17T12:27:31+00:00","breadcrumb":{"@id":"https:\/\/artesania.conselldeivissa.es\/artesanos\/carlota-berni-quiroga\/#breadcrumb"},"inLanguage":"es","potentialAction":[{"@type":"ReadAction","target":["https:\/\/artesania.conselldeivissa.es\/artesanos\/carlota-berni-quiroga\/"]}]},{"@type":"BreadcrumbList","@id":"https:\/\/artesania.conselldeivissa.es\/artesanos\/carlota-berni-quiroga\/#breadcrumb","itemListElement":[{"@type":"ListItem","position":1,"name":"Portada","item":"https:\/\/artesania.conselldeivissa.es\/es\/"},{"@type":"ListItem","position":2,"name":"Artesanos","item":"https:\/\/artesania.conselldeivissa.es\/artesanos\/"},{"@type":"ListItem","position":3,"name":"Carlota Berni Quiroga"}]},{"@type":"WebSite","@id":"https:\/\/artesania.conselldeivissa.es\/#website","url":"https:\/\/artesania.conselldeivissa.es\/","name":"Artesania d&#039;Eivissa","description":"Artesanes i artesans d&#039;Eivisssa","publisher":{"@id":"https:\/\/artesania.conselldeivissa.es\/#organization"},"potentialAction":[{"@type":"SearchAction","target":{"@type":"EntryPoint","urlTemplate":"https:\/\/artesania.conselldeivissa.es\/?s={search_term_string}"},"query-input":"required name=search_term_string"}],"inLanguage":"es"},{"@type":"Organization","@id":"https:\/\/artesania.conselldeivissa.es\/#organization","name":"Artesania d&#039;Eivissa","url":"https:\/\/artesania.conselldeivissa.es\/","sameAs":[],"logo":{"@type":"ImageObject","inLanguage":"es","@id":"https:\/\/artesania.conselldeivissa.es\/#\/schema\/logo\/image\/","url":"https:\/\/artesania.conselldeivissa.es\/wp-content\/uploads\/2022\/08\/artesansnegro.png","contentUrl":"https:\/\/artesania.conselldeivissa.es\/wp-content\/uploads\/2022\/08\/artesansnegro.png","width":400,"height":97,"caption":"Artesania d&#039;Eivissa"},"image":{"@id":"https:\/\/artesania.conselldeivissa.es\/#\/schema\/logo\/image\/"}}]}},"_links":{"self":[{"href":"https:\/\/artesania.conselldeivissa.es\/es\/wp-json\/wp\/v2\/artesanos\/324","targetHints":{"allow":["GET"]}}],"collection":[{"href":"https:\/\/artesania.conselldeivissa.es\/es\/wp-json\/wp\/v2\/artesanos"}],"about":[{"href":"https:\/\/artesania.conselldeivissa.es\/es\/wp-json\/wp\/v2\/types\/artesanos"}],"author":[{"embeddable":true,"href":"https:\/\/artesania.conselldeivissa.es\/es\/wp-json\/wp\/v2\/users\/1"}],"version-history":[{"count":0,"href":"https:\/\/artesania.conselldeivissa.es\/es\/wp-json\/wp\/v2\/artesanos\/324\/revisions"}],"wp:featuredmedia":[{"embeddable":true,"href":"https:\/\/artesania.conselldeivissa.es\/es\/wp-json\/wp\/v2\/media\/598"}],"wp:attachment":[{"href":"https:\/\/artesania.conselldeivissa.es\/es\/wp-json\/wp\/v2\/media?parent=324"}],"curies":[{"name":"wp","href":"https:\/\/api.w.org\/{rel}","templated":true}]}}