{"id":307,"date":"2022-06-02T12:17:22","date_gmt":"2022-06-02T10:17:22","guid":{"rendered":"https:\/\/artesania.conselldeivissa.es\/?post_type=artesanos&#038;p=307"},"modified":"2022-09-21T16:00:53","modified_gmt":"2022-09-21T14:00:53","slug":"ariadna-ferrer","status":"publish","type":"artesanos","link":"https:\/\/artesania.conselldeivissa.es\/es\/artesanos\/ariadna-ferrer\/","title":{"rendered":"Ariadna Ferrer"},"content":{"rendered":"<p>[vc_row el_id=\u00bbfilartesano\u00bb][vc_column width=\u00bb1\/3&#8243;][vc_column_text]<div id=\"camposficha\"><div class=\"catag cat-tejidos-y-confeccion\">Tejidos y confecci\u00f3n<\/div><h3>Ariadna Ferrer<\/h3><div class=\"ofi\">Pasamanero\/a<\/div><a href=\"https:\/\/artesania.conselldeivissa.es\/es\/quienes-somos\/#acreditaciones\"><img decoding=\"async\" src=\"https:\/\/artesania.conselldeivissa.es\/wp-content\/themes\/laurits-child\/images\/artesa.png\" class=\"ico_dist\"><\/a><div class=\"prodart\"><p><strong>PRODUCTOS<\/strong><\/p><p>Joyer\u00eda textil contempor\u00e1nea, sombrerer\u00eda de autor y accesorios textiles y pasamaner\u00edas.<\/p><\/div><div class=\"iconphone\"><a href=\"tel:+34605968604\" target=\"_blank\" class=\"\">605968604<\/a> \/ <a href=\"tel:+34633753035\" target=\"_blank\" >633753035<\/a><\/div><a href=\"https:\/\/wa.me\/+34605968604\" target=\"_blank\" class=\"campoficha iconwhatsapp\">605968604<\/a><a href=\"mailto:kdekosekosecomplementos@gmail.com\" target=\"_blank\" class=\"campoficha iconenvelope\">kdekosekosecomplementos@gmail.com<\/a><div class=\"campoficha iconweb \"><div><a href=\"https:\/\/www.kdekosekose.com\" class=\"campoficha\" target=\"_blank\">www.kdekosekose.com<\/a><\/div><\/div><p class=\"titredes\"><strong>REDES SOCIALES<\/strong><\/p><a href=\"https:\/\/www.facebook.com\/kdekosekoseprive\" target=\"_blank\" class=\"\" ><span class=\"fab fa-facebook-f\"><\/span><\/a><a href=\"https:\/\/www.instagram.com\/kdekosekose\/\" target=\"_blank\" class=\"\"><span class=\"fab fa-instagram\"><\/span><\/a><a href=\"https:\/\/www.youtube.com\/channel\/UCaI-gmKixToAsqeyZc_9OLw\" target=\"_blank\" class=\"\"><span class=\"fab fa-youtube\"><\/span><\/a><img decoding=\"async\" class=\"logo_artesano\" src=\"https:\/\/artesania.conselldeivissa.es\/wp-content\/uploads\/2022\/06\/38-logo-kose.jpg\"><\/div>[\/vc_column_text][\/vc_column][vc_column width=\u00bb2\/3&#8243;][vc_column_text]K de Kose kose se define como un laboratorio de creaci\u00f3n, una marca donde todo es posible y no hay l\u00edmites para la creaci\u00f3n. La ibicenca Ariadna Ferrer es la dise\u00f1adora y artesana que da vida al sello m\u00e1s vanguardista de la familia Adlib. Especialista en accesorios, desarrolla dos l\u00edneas de creaci\u00f3n: Priv\u00e9e y Merchandising. La primera, especializada en piezas \u00fanicas de alta artesan\u00eda para pasarela, eventos exclusivos y moda bridal, donde la joyer\u00eda contempor\u00e1nea y la sombrerer\u00eda de autor son sus apuestas m\u00e1s s\u00f3lidas.<\/p>\n<p>En su l\u00ednea de merchandising hace ediciones limitadas destacando por su capacidad de adaptaci\u00f3n, su manejo de diversas t\u00e9cnicas art\u00edsticas y artesanales y su capacidad para la personalizaci\u00f3n.<\/p>\n<p>Tambi\u00e9n en su recorrido cabe destacar el haber trabajado para marcas de la talla de Swarovski o G-Star. Y su trabajo ha estado en espacios de reconocido prestigio para el sector como son el Museo de Artes Decorativas de Madrid o el Museo del Disseny Hub de Barcelona, adem\u00e1s de haber expuesto en Londres y Nueva York. Entre sus \u00faltimos trabajos podemos encontrar la creaci\u00f3n de la obra literaria: \u00ab\u00c9rase una vez&#8230; Adlib. El bloc de moda m\u00e1s solidario\u00bb[\/vc_column_text][vc_column_text]<strong>D\u00d3NDE ENCONTRAR SUS PRODUCTOS<\/strong><\/p>\n<div id=\"lugares_artesano\"><p><strong>Comercios y mercadillos<\/strong><\/p><a href=\"https:\/\/artesania.conselldeivissa.es\/es\/lugares\/k-de-kose-kose\/\" class=\"lugart\" target=\"_blank\">K de Kose Kose<\/a><\/div>[\/vc_column_text][vc_single_image image=\u00bb4347&#8243; img_size=\u00bbfull\u00bb onclick=\u00bbcustom_link\u00bb img_link_target=\u00bb_blank\u00bb link=\u00bbhttps:\/\/www.adlibibiza.es\/speaker\/k-de-kose-kose-privee\/\u00bb el_class=\u00bbadlib\u00bb][\/vc_column][\/vc_row][vc_row][vc_column width=\u00bb1\/2&#8243;][vc_single_image image=\u00bb610&#8243; img_size=\u00bbfull\u00bb][vc_single_image image=\u00bb612&#8243; img_size=\u00bbfull\u00bb][\/vc_column][vc_column width=\u00bb1\/2&#8243;][vc_single_image image=\u00bb613&#8243; img_size=\u00bbfull\u00bb][vc_single_image image=\u00bb614&#8243; img_size=\u00bbfull\u00bb][\/vc_column][\/vc_row]<\/p>\n","protected":false},"excerpt":{"rendered":"<p>[vc_row el_id=\u00bbfilartesano\u00bb][vc_column width=\u00bb1\/3&#8243;][vc_column_text][\/vc_column_text][\/vc_column][vc_column width=\u00bb2\/3&#8243;][vc_column_text]K de Kose kose se define como un laboratorio de creaci\u00f3n, una marca donde todo es posible y no hay l\u00edmites para la creaci\u00f3n. La ibicenca Ariadna [&hellip;]<\/p>\n","protected":false},"author":1,"featured_media":606,"template":"","meta":{"footnotes":""},"class_list":["post-307","artesanos","type-artesanos","status-publish","has-post-thumbnail","hentry","artesano-category-tejidos-y-confeccion"],"acf":[],"yoast_head":"<!-- This site is optimized with the Yoast SEO plugin v19.6 - https:\/\/yoast.com\/wordpress\/plugins\/seo\/ -->\n<title>Ariadna Ferrer - Artesania d&#039;Eivissa<\/title>\n<meta name=\"robots\" content=\"index, follow, max-snippet:-1, max-image-preview:large, max-video-preview:-1\" \/>\n<link rel=\"canonical\" href=\"https:\/\/artesania.conselldeivissa.es\/es\/artesanos\/ariadna-ferrer\/\" \/>\n<meta property=\"og:locale\" content=\"es_ES\" \/>\n<meta property=\"og:type\" content=\"article\" \/>\n<meta property=\"og:title\" content=\"Ariadna Ferrer - Artesania d&#039;Eivissa\" \/>\n<meta property=\"og:description\" content=\"[vc_row el_id=\u00bbfilartesano\u00bb][vc_column width=\u00bb1\/3&#8243;][vc_column_text][\/vc_column_text][\/vc_column][vc_column width=\u00bb2\/3&#8243;][vc_column_text]K de Kose kose se define como un laboratorio de creaci\u00f3n, una marca donde todo es posible y no hay l\u00edmites para la creaci\u00f3n. La ibicenca Ariadna [&hellip;]\" \/>\n<meta property=\"og:url\" content=\"https:\/\/artesania.conselldeivissa.es\/es\/artesanos\/ariadna-ferrer\/\" \/>\n<meta property=\"og:site_name\" content=\"Artesania d&#039;Eivissa\" \/>\n<meta property=\"article:modified_time\" content=\"2022-09-21T14:00:53+00:00\" \/>\n<meta property=\"og:image\" content=\"https:\/\/artesania.conselldeivissa.es\/wp-content\/uploads\/2022\/06\/38_Mari\u0301a_Jose_Ferrer_Benito_perfil.jpg\" \/>\n\t<meta property=\"og:image:width\" content=\"380\" \/>\n\t<meta property=\"og:image:height\" content=\"400\" \/>\n\t<meta property=\"og:image:type\" content=\"image\/jpeg\" \/>\n<meta name=\"twitter:card\" content=\"summary_large_image\" \/>\n<meta name=\"twitter:label1\" content=\"Tiempo de lectura\" \/>\n\t<meta name=\"twitter:data1\" content=\"1 minuto\" \/>\n<script type=\"application\/ld+json\" class=\"yoast-schema-graph\">{\"@context\":\"https:\/\/schema.org\",\"@graph\":[{\"@type\":\"WebPage\",\"@id\":\"https:\/\/artesania.conselldeivissa.es\/es\/artesanos\/ariadna-ferrer\/\",\"url\":\"https:\/\/artesania.conselldeivissa.es\/es\/artesanos\/ariadna-ferrer\/\",\"name\":\"Ariadna Ferrer - Artesania d&#039;Eivissa\",\"isPartOf\":{\"@id\":\"https:\/\/artesania.conselldeivissa.es\/#website\"},\"datePublished\":\"2022-06-02T10:17:22+00:00\",\"dateModified\":\"2022-09-21T14:00:53+00:00\",\"breadcrumb\":{\"@id\":\"https:\/\/artesania.conselldeivissa.es\/es\/artesanos\/ariadna-ferrer\/#breadcrumb\"},\"inLanguage\":\"es\",\"potentialAction\":[{\"@type\":\"ReadAction\",\"target\":[\"https:\/\/artesania.conselldeivissa.es\/es\/artesanos\/ariadna-ferrer\/\"]}]},{\"@type\":\"BreadcrumbList\",\"@id\":\"https:\/\/artesania.conselldeivissa.es\/es\/artesanos\/ariadna-ferrer\/#breadcrumb\",\"itemListElement\":[{\"@type\":\"ListItem\",\"position\":1,\"name\":\"Portada\",\"item\":\"https:\/\/artesania.conselldeivissa.es\/es\/\"},{\"@type\":\"ListItem\",\"position\":2,\"name\":\"Artesanos\",\"item\":\"https:\/\/artesania.conselldeivissa.es\/artesanos\/\"},{\"@type\":\"ListItem\",\"position\":3,\"name\":\"Ariadna Ferrer\"}]},{\"@type\":\"WebSite\",\"@id\":\"https:\/\/artesania.conselldeivissa.es\/#website\",\"url\":\"https:\/\/artesania.conselldeivissa.es\/\",\"name\":\"Artesania d&#039;Eivissa\",\"description\":\"Artesanes i artesans d&#039;Eivisssa\",\"publisher\":{\"@id\":\"https:\/\/artesania.conselldeivissa.es\/#organization\"},\"potentialAction\":[{\"@type\":\"SearchAction\",\"target\":{\"@type\":\"EntryPoint\",\"urlTemplate\":\"https:\/\/artesania.conselldeivissa.es\/?s={search_term_string}\"},\"query-input\":\"required name=search_term_string\"}],\"inLanguage\":\"es\"},{\"@type\":\"Organization\",\"@id\":\"https:\/\/artesania.conselldeivissa.es\/#organization\",\"name\":\"Artesania d&#039;Eivissa\",\"url\":\"https:\/\/artesania.conselldeivissa.es\/\",\"sameAs\":[],\"logo\":{\"@type\":\"ImageObject\",\"inLanguage\":\"es\",\"@id\":\"https:\/\/artesania.conselldeivissa.es\/#\/schema\/logo\/image\/\",\"url\":\"https:\/\/artesania.conselldeivissa.es\/wp-content\/uploads\/2022\/08\/artesansnegro.png\",\"contentUrl\":\"https:\/\/artesania.conselldeivissa.es\/wp-content\/uploads\/2022\/08\/artesansnegro.png\",\"width\":400,\"height\":97,\"caption\":\"Artesania d&#039;Eivissa\"},\"image\":{\"@id\":\"https:\/\/artesania.conselldeivissa.es\/#\/schema\/logo\/image\/\"}}]}<\/script>\n<!-- \/ Yoast SEO plugin. -->","yoast_head_json":{"title":"Ariadna Ferrer - Artesania d&#039;Eivissa","robots":{"index":"index","follow":"follow","max-snippet":"max-snippet:-1","max-image-preview":"max-image-preview:large","max-video-preview":"max-video-preview:-1"},"canonical":"https:\/\/artesania.conselldeivissa.es\/es\/artesanos\/ariadna-ferrer\/","og_locale":"es_ES","og_type":"article","og_title":"Ariadna Ferrer - Artesania d&#039;Eivissa","og_description":"[vc_row el_id=\u00bbfilartesano\u00bb][vc_column width=\u00bb1\/3&#8243;][vc_column_text][\/vc_column_text][\/vc_column][vc_column width=\u00bb2\/3&#8243;][vc_column_text]K de Kose kose se define como un laboratorio de creaci\u00f3n, una marca donde todo es posible y no hay l\u00edmites para la creaci\u00f3n. La ibicenca Ariadna [&hellip;]","og_url":"https:\/\/artesania.conselldeivissa.es\/es\/artesanos\/ariadna-ferrer\/","og_site_name":"Artesania d&#039;Eivissa","article_modified_time":"2022-09-21T14:00:53+00:00","og_image":[{"width":380,"height":400,"url":"https:\/\/artesania.conselldeivissa.es\/wp-content\/uploads\/2022\/06\/38_Mari\u0301a_Jose_Ferrer_Benito_perfil.jpg","type":"image\/jpeg"}],"twitter_card":"summary_large_image","twitter_misc":{"Tiempo de lectura":"1 minuto"},"schema":{"@context":"https:\/\/schema.org","@graph":[{"@type":"WebPage","@id":"https:\/\/artesania.conselldeivissa.es\/es\/artesanos\/ariadna-ferrer\/","url":"https:\/\/artesania.conselldeivissa.es\/es\/artesanos\/ariadna-ferrer\/","name":"Ariadna Ferrer - Artesania d&#039;Eivissa","isPartOf":{"@id":"https:\/\/artesania.conselldeivissa.es\/#website"},"datePublished":"2022-06-02T10:17:22+00:00","dateModified":"2022-09-21T14:00:53+00:00","breadcrumb":{"@id":"https:\/\/artesania.conselldeivissa.es\/es\/artesanos\/ariadna-ferrer\/#breadcrumb"},"inLanguage":"es","potentialAction":[{"@type":"ReadAction","target":["https:\/\/artesania.conselldeivissa.es\/es\/artesanos\/ariadna-ferrer\/"]}]},{"@type":"BreadcrumbList","@id":"https:\/\/artesania.conselldeivissa.es\/es\/artesanos\/ariadna-ferrer\/#breadcrumb","itemListElement":[{"@type":"ListItem","position":1,"name":"Portada","item":"https:\/\/artesania.conselldeivissa.es\/es\/"},{"@type":"ListItem","position":2,"name":"Artesanos","item":"https:\/\/artesania.conselldeivissa.es\/artesanos\/"},{"@type":"ListItem","position":3,"name":"Ariadna Ferrer"}]},{"@type":"WebSite","@id":"https:\/\/artesania.conselldeivissa.es\/#website","url":"https:\/\/artesania.conselldeivissa.es\/","name":"Artesania d&#039;Eivissa","description":"Artesanes i artesans d&#039;Eivisssa","publisher":{"@id":"https:\/\/artesania.conselldeivissa.es\/#organization"},"potentialAction":[{"@type":"SearchAction","target":{"@type":"EntryPoint","urlTemplate":"https:\/\/artesania.conselldeivissa.es\/?s={search_term_string}"},"query-input":"required name=search_term_string"}],"inLanguage":"es"},{"@type":"Organization","@id":"https:\/\/artesania.conselldeivissa.es\/#organization","name":"Artesania d&#039;Eivissa","url":"https:\/\/artesania.conselldeivissa.es\/","sameAs":[],"logo":{"@type":"ImageObject","inLanguage":"es","@id":"https:\/\/artesania.conselldeivissa.es\/#\/schema\/logo\/image\/","url":"https:\/\/artesania.conselldeivissa.es\/wp-content\/uploads\/2022\/08\/artesansnegro.png","contentUrl":"https:\/\/artesania.conselldeivissa.es\/wp-content\/uploads\/2022\/08\/artesansnegro.png","width":400,"height":97,"caption":"Artesania d&#039;Eivissa"},"image":{"@id":"https:\/\/artesania.conselldeivissa.es\/#\/schema\/logo\/image\/"}}]}},"_links":{"self":[{"href":"https:\/\/artesania.conselldeivissa.es\/es\/wp-json\/wp\/v2\/artesanos\/307","targetHints":{"allow":["GET"]}}],"collection":[{"href":"https:\/\/artesania.conselldeivissa.es\/es\/wp-json\/wp\/v2\/artesanos"}],"about":[{"href":"https:\/\/artesania.conselldeivissa.es\/es\/wp-json\/wp\/v2\/types\/artesanos"}],"author":[{"embeddable":true,"href":"https:\/\/artesania.conselldeivissa.es\/es\/wp-json\/wp\/v2\/users\/1"}],"version-history":[{"count":1,"href":"https:\/\/artesania.conselldeivissa.es\/es\/wp-json\/wp\/v2\/artesanos\/307\/revisions"}],"predecessor-version":[{"id":8357,"href":"https:\/\/artesania.conselldeivissa.es\/es\/wp-json\/wp\/v2\/artesanos\/307\/revisions\/8357"}],"wp:featuredmedia":[{"embeddable":true,"href":"https:\/\/artesania.conselldeivissa.es\/es\/wp-json\/wp\/v2\/media\/606"}],"wp:attachment":[{"href":"https:\/\/artesania.conselldeivissa.es\/es\/wp-json\/wp\/v2\/media?parent=307"}],"curies":[{"name":"wp","href":"https:\/\/api.w.org\/{rel}","templated":true}]}}